{"id":28854,"date":"2024-05-31T09:55:52","date_gmt":"2024-05-31T07:55:52","guid":{"rendered":"https:\/\/association-welle.geekworkers.dev\/?page_id=28854"},"modified":"2026-01-30T23:57:52","modified_gmt":"2026-01-30T22:57:52","slug":"uber-uns","status":"publish","type":"page","link":"https:\/\/vereinwelle.ch\/de\/about-us\/","title":{"rendered":"\u00dcber uns"},"content":{"rendered":"<div data-elementor-type=\"wp-page\" data-elementor-id=\"28854\" class=\"elementor elementor-28854\" data-elementor-post-type=\"page\">\n\t\t\t\t<div class=\"elementor-element elementor-element-b9be68c e-con-full e-flex e-con e-child\" data-id=\"b9be68c\" data-element_type=\"container\" data-e-type=\"container\" data-settings=\"{&quot;background_background&quot;:&quot;classic&quot;}\">\n\t\t<div class=\"elementor-element elementor-element-337a01a e-flex e-con-boxed e-con e-child\" data-id=\"337a01a\" data-element_type=\"container\" data-e-type=\"container\">\n\t\t\t\t\t<div class=\"e-con-inner\">\n\t\t\t\t<div class=\"elementor-element elementor-element-5f8e0d0 elementor-widget elementor-widget-heading\" data-id=\"5f8e0d0\" data-element_type=\"widget\" data-e-type=\"widget\" data-widget_type=\"heading.default\">\n\t\t\t\t<div class=\"elementor-widget-container\">\n\t\t\t\t\t<h1 class=\"elementor-heading-title elementor-size-default\">\u00dcber uns<\/h1>\t\t\t\t<\/div>\n\t\t\t\t<\/div>\n\t\t\t\t\t<\/div>\n\t\t\t\t<\/div>\n\t\t\t\t<\/div>\n\t\t<div class=\"elementor-element elementor-element-513da1f e-con-full e-flex e-con e-parent\" data-id=\"513da1f\" data-element_type=\"container\" data-e-type=\"container\" data-settings=\"{&quot;background_background&quot;:&quot;classic&quot;}\">\n\t\t<div class=\"elementor-element elementor-element-2ecd0e9 e-flex e-con-boxed e-con e-child\" data-id=\"2ecd0e9\" data-element_type=\"container\" data-e-type=\"container\">\n\t\t\t\t\t<div class=\"e-con-inner\">\n\t\t<div class=\"elementor-element elementor-element-1c5efb0 e-con-full e-flex e-con e-child\" data-id=\"1c5efb0\" data-element_type=\"container\" data-e-type=\"container\">\n\t\t\t\t<div class=\"elementor-element elementor-element-e14e07a elementor-widget elementor-widget-heading\" data-id=\"e14e07a\" data-element_type=\"widget\" data-e-type=\"widget\" data-widget_type=\"heading.default\">\n\t\t\t\t<div class=\"elementor-widget-container\">\n\t\t\t\t\t<h2 class=\"elementor-heading-title elementor-size-default\">Geschichte des Vereins<\/h2>\t\t\t\t<\/div>\n\t\t\t\t<\/div>\n\t\t\t\t<div class=\"elementor-element elementor-element-8e31d0a history-content elementor-widget elementor-widget-text-editor\" data-id=\"8e31d0a\" data-element_type=\"widget\" data-e-type=\"widget\" data-widget_type=\"text-editor.default\">\n\t\t\t\t<div class=\"elementor-widget-container\">\n\t\t\t\t\t\t\t\t\t<p><strong>\"Welle -Verein f\u00fcr Menschenrechte und Freiheit\" ist ein gemeinn\u00fctziger, \u00fcberkonfessioneller Verein, der 2004 gegr\u00fcndet wurde und\u00a0<\/strong><b><a href=\"https:\/\/zh.chregister.ch\/cr-portal\/auszug\/auszug.xhtml?uid=CHE-110.546.040\" target=\"_blank\" rel=\"noopener\"><u>registriert\u00a0<\/u><\/a><\/b><strong>im Handelsregister des Kantons Z\u00fcrich eingetragen ist.<\/strong><\/p><p>Das oberste Organ der \"Welle\" ist die Mitgliederversammlung, in der alle Vereinsmitglieder stimmberechtigt sind. Sie w\u00e4hlt die Vorstandsmitglieder und den Vorstand. Der Vorstand (bestehend aus f\u00fcnf Mitgliedern) ist f\u00fcr die strategische Leitung und die Aufsicht \u00fcber die Gesch\u00e4ftsstelle zust\u00e4ndig, die ihrerseits f\u00fcr die Planung und Umsetzung der Projekte des Vereins verantwortlich ist.\u00a0<a href=\"https:\/\/www.zh.ch\/content\/dam\/zhweb\/bilder-dokumente\/themen\/steuern-finanzen\/steuern\/juristischepersonen\/steuerbefreite-institutionen\/steuerbefreiung-online\/31.12.2025_hauptdatei_steuerbefreite_jp_gemeinnuetzig_und%20_oeffentlich.pdf#page=104\" target=\"_blank\" rel=\"noopener\"><u>Welle ist ein gemeinn\u00fctziger und steuerbefreiter<\/u>\u00a0<\/a>Verein.<\/p><p>Eine offizielle Wirtschaftspr\u00fcfungsgesellschaft in Z\u00fcrich pr\u00fcft jedes Jahr das Finanzkonto des Vereins Welle.<\/p><p><span style=\"text-align: var(--text-align); background-color: var( --e-global-color-secondary );\"><span style=\"color: #2c2734;\"><b>Jedes Jahr stellt der Verein den Spendern seinen Jahresbericht kostenlos per Post zu.<\/b><\/span><\/span><\/p><p><span style=\"text-align: var(--text-align); background-color: var( --e-global-color-secondary );\">Alle Mitarbeiter von Verein \"Welle\" sind Freiwillige, die sich ehrenamtlich und unentgeldlich einsetzen.<\/span><\/p><p>Die Verwaltungskosten werden so auf ein Minimum beschr\u00e4nkt und ausserdem werden auch viele Ausgaben durch das Sponsoring von verschiedenen Firmen gedeckt. Wie z.B. Papier, Grafik und Druck.<br \/>Dies bedeutet, dass der gr\u00f6\u00dfte Teil der Spenden direkt in die Projekte flie\u00dft.<\/p>\t\t\t\t\t\t\t\t<\/div>\n\t\t\t\t<\/div>\n\t\t\t\t<\/div>\n\t\t<div class=\"elementor-element elementor-element-48604f6 e-con-full e-flex e-con e-child\" data-id=\"48604f6\" data-element_type=\"container\" data-e-type=\"container\">\n\t\t\t\t<div class=\"elementor-element elementor-element-e3aa780 elementor-widget elementor-widget-image\" data-id=\"e3aa780\" data-element_type=\"widget\" data-e-type=\"widget\" data-widget_type=\"image.default\">\n\t\t\t\t<div class=\"elementor-widget-container\">\n\t\t\t\t\t\t\t\t\t\t\t\t\t\t\t<img fetchpriority=\"high\" decoding=\"async\" width=\"570\" height=\"330\" src=\"https:\/\/vereinwelle.ch\/wp-content\/uploads\/2024\/07\/csm_Verein_Welle_Mahnwache__2__62b5498627.jpg\" class=\"attachment-large size-large wp-image-30144\" alt=\"Verein Welle|\u00dcber uns\" srcset=\"https:\/\/vereinwelle.ch\/wp-content\/uploads\/2024\/07\/csm_Verein_Welle_Mahnwache__2__62b5498627.jpg 570w, https:\/\/vereinwelle.ch\/wp-content\/uploads\/2024\/07\/csm_Verein_Welle_Mahnwache__2__62b5498627-300x174.jpg 300w\" sizes=\"(max-width: 570px) 100vw, 570px\" title=\"Verein Welle | \u00dcber uns\" \/>\t\t\t\t\t\t\t\t\t\t\t\t\t\t\t<\/div>\n\t\t\t\t<\/div>\n\t\t\t\t<div class=\"elementor-element elementor-element-da1e760 elementor-widget elementor-widget-image\" data-id=\"da1e760\" data-element_type=\"widget\" data-e-type=\"widget\" data-widget_type=\"image.default\">\n\t\t\t\t<div class=\"elementor-widget-container\">\n\t\t\t\t\t\t\t\t\t\t\t\t\t\t\t<img decoding=\"async\" width=\"584\" height=\"389\" src=\"https:\/\/vereinwelle.ch\/wp-content\/uploads\/2024\/07\/Genf_Mahnwache.jpg\" class=\"attachment-large size-large wp-image-30086\" alt=\"Verein Welle|\u00dcber uns\" srcset=\"https:\/\/vereinwelle.ch\/wp-content\/uploads\/2024\/07\/Genf_Mahnwache.jpg 584w, https:\/\/vereinwelle.ch\/wp-content\/uploads\/2024\/07\/Genf_Mahnwache-300x200.jpg 300w\" sizes=\"(max-width: 584px) 100vw, 584px\" title=\"Verein Welle | \u00dcber uns\" \/>\t\t\t\t\t\t\t\t\t\t\t\t\t\t\t<\/div>\n\t\t\t\t<\/div>\n\t\t\t\t<\/div>\n\t\t\t\t\t<\/div>\n\t\t\t\t<\/div>\n\t\t\t\t<\/div>\n\t\t<div class=\"elementor-element elementor-element-660e7c7 e-flex e-con-boxed e-con e-parent\" data-id=\"660e7c7\" data-element_type=\"container\" data-e-type=\"container\">\n\t\t\t\t\t<div class=\"e-con-inner\">\n\t\t<div class=\"elementor-element elementor-element-f820aea e-con-full e-flex e-con e-child\" data-id=\"f820aea\" data-element_type=\"container\" data-e-type=\"container\" data-settings=\"{&quot;background_background&quot;:&quot;classic&quot;}\">\n\t\t<div class=\"elementor-element elementor-element-4981bcd e-con-full e-flex e-con e-child\" data-id=\"4981bcd\" data-element_type=\"container\" data-e-type=\"container\">\n\t\t\t\t<div class=\"elementor-element elementor-element-3b03201 elementor-widget elementor-widget-heading\" data-id=\"3b03201\" data-element_type=\"widget\" data-e-type=\"widget\" data-widget_type=\"heading.default\">\n\t\t\t\t<div class=\"elementor-widget-container\">\n\t\t\t\t\t<h2 class=\"elementor-heading-title elementor-size-default\">Unsere Ziele<\/h2>\t\t\t\t<\/div>\n\t\t\t\t<\/div>\n\t\t\t\t<\/div>\n\t\t<div class=\"elementor-element elementor-element-3173aa1 e-con-full e-flex e-con e-child\" data-id=\"3173aa1\" data-element_type=\"container\" data-e-type=\"container\">\n\t\t\t\t<div class=\"elementor-element elementor-element-6b5b096 about-action-content elementor-widget elementor-widget-text-editor\" data-id=\"6b5b096\" data-element_type=\"widget\" data-e-type=\"widget\" data-widget_type=\"text-editor.default\">\n\t\t\t\t<div class=\"elementor-widget-container\">\n\t\t\t\t\t\t\t\t\t<ul><li>F\u00f6rderung der Menschenrechte und Stopp von Menschenrechtsverletzungen<\/li><li>F\u00f6rderung der Freiheit im Iran<\/li><li>Rettung von Folteropfern, Stopp von Hinrichtungen und Freilassungen von inhaftierten Frauen- und Menschenrechtsaktivisten<\/li><li>Hilfe f\u00fcr Fl\u00fcchtlinge<\/li><li>Unterst\u00fctzung der Bem\u00fchungen um Demokratie und Gleichstellung der Geschlechter im Iran<\/li><li>F\u00f6rderung des interkulturellen und zwischenmenschlichen Verst\u00e4ndnisses<\/li><\/ul>\t\t\t\t\t\t\t\t<\/div>\n\t\t\t\t<\/div>\n\t\t\t\t<\/div>\n\t\t\t\t<\/div>\n\t\t<div class=\"elementor-element elementor-element-708335c e-con-full e-flex e-con e-child\" data-id=\"708335c\" data-element_type=\"container\" data-e-type=\"container\" data-settings=\"{&quot;background_background&quot;:&quot;classic&quot;}\">\n\t\t<div class=\"elementor-element elementor-element-98863c7 e-con-full e-flex e-con e-child\" data-id=\"98863c7\" data-element_type=\"container\" data-e-type=\"container\">\n\t\t\t\t<div class=\"elementor-element elementor-element-280a818 elementor-widget elementor-widget-heading\" data-id=\"280a818\" data-element_type=\"widget\" data-e-type=\"widget\" data-widget_type=\"heading.default\">\n\t\t\t\t<div class=\"elementor-widget-container\">\n\t\t\t\t\t<h2 class=\"elementor-heading-title elementor-size-default\">Wie wollen wir unsere Ziele erreichen?<\/h2>\t\t\t\t<\/div>\n\t\t\t\t<\/div>\n\t\t\t\t<\/div>\n\t\t<div class=\"elementor-element elementor-element-356d750 e-con-full e-flex e-con e-child\" data-id=\"356d750\" data-element_type=\"container\" data-e-type=\"container\">\n\t\t\t\t<div class=\"elementor-element elementor-element-af5ef56 about-action-content elementor-widget elementor-widget-text-editor\" data-id=\"af5ef56\" data-element_type=\"widget\" data-e-type=\"widget\" data-widget_type=\"text-editor.default\">\n\t\t\t\t<div class=\"elementor-widget-container\">\n\t\t\t\t\t\t\t\t\t<ul><li>Ver\u00f6ffentlichung von Menschenrechtsverletzungen und Verbrechen gegen die Menschlichkeit<\/li><li>Ergreifung juristischer Ma\u00dfnahmen zur Verhinderung von Folter, Hinrichtung und Repression im Iran sowie rechtliche Verfolgung der T\u00e4ter<\/li><li>Durchf\u00fchrung von Menschenrechtskonferenzen, Veranstaltungen, Ausstellungen, Kampagnen, Informationstreffen, Juristen-Konferenzen, Fernseh- und Radiosendungen, Mahnwachen, Kundgebungen<\/li><li>Unterst\u00fctzung, Vorbereitung und Produktion von Filmen, B\u00fcchern und anderen Dokumentationen zur Information und Bildung<\/li><li>Sensibilisierung f\u00fcr Menschenrechts- und Gleichstellungsfragen<\/li><li>Unterst\u00fctzung von und Teilnahme an Aktivit\u00e4ten anderer Menschenrechtsorganisationen mit gleichen Zielen<\/li><li>Sammeln von Geld- und Sachspenden<\/li><\/ul>\t\t\t\t\t\t\t\t<\/div>\n\t\t\t\t<\/div>\n\t\t\t\t<\/div>\n\t\t\t\t<\/div>\n\t\t<div class=\"elementor-element elementor-element-1254bbe e-con-full e-flex e-con e-child\" data-id=\"1254bbe\" data-element_type=\"container\" data-e-type=\"container\" data-settings=\"{&quot;background_background&quot;:&quot;classic&quot;}\">\n\t\t<div class=\"elementor-element elementor-element-7c9f828 e-con-full e-flex e-con e-child\" data-id=\"7c9f828\" data-element_type=\"container\" data-e-type=\"container\">\n\t\t\t\t<div class=\"elementor-element elementor-element-87be33d elementor-widget elementor-widget-heading\" data-id=\"87be33d\" data-element_type=\"widget\" data-e-type=\"widget\" data-widget_type=\"heading.default\">\n\t\t\t\t<div class=\"elementor-widget-container\">\n\t\t\t\t\t<h2 class=\"elementor-heading-title elementor-size-default\">Zertifizierungen<\/h2>\t\t\t\t<\/div>\n\t\t\t\t<\/div>\n\t\t\t\t<div class=\"elementor-element elementor-element-f51600e about-action-content elementor-widget elementor-widget-text-editor\" data-id=\"f51600e\" data-element_type=\"widget\" data-e-type=\"widget\" data-widget_type=\"text-editor.default\">\n\t\t\t\t<div class=\"elementor-widget-container\">\n\t\t\t\t\t\t\t\t\t<ul><li><span style=\"font-weight: 400;\">Steuerbefreit , <\/span><\/li><li><span style=\"font-weight: 400;\"><a href=\"https:\/\/vereinwelle.ch\/wp-content\/uploads\/2024\/10\/Novisa-doc.pdf\" target=\"_blank\" rel=\"noopener\"><u>Revisionerter<\/u> Jahresbericht<\/a>,<\/span><\/li><li>Gepr\u00fcft von <a href=\"https:\/\/www.globalgiving.org\/aboutus\/how-it-works\/vetting\/\" target=\"_blank\" rel=\"noopener\">Globales Schenken<\/a><\/li><li><span style=\"font-weight: 400;\">Benefiz Mitglied<\/span><\/li><li>Bright Funds Mitglied<\/li><\/ul>\t\t\t\t\t\t\t\t<\/div>\n\t\t\t\t<\/div>\n\t\t\t\t<\/div>\n\t\t<div class=\"elementor-element elementor-element-fd53aa0 e-con-full e-flex e-con e-child\" data-id=\"fd53aa0\" data-element_type=\"container\" data-e-type=\"container\">\n\t\t\t\t<div class=\"elementor-element elementor-element-b6a3112 elementor-widget-tablet__width-initial elementor-widget elementor-widget-image\" data-id=\"b6a3112\" data-element_type=\"widget\" data-e-type=\"widget\" data-widget_type=\"image.default\">\n\t\t\t\t<div class=\"elementor-widget-container\">\n\t\t\t\t\t\t\t\t\t\t\t\t\t\t\t<img decoding=\"async\" width=\"845\" height=\"781\" src=\"https:\/\/vereinwelle.ch\/wp-content\/uploads\/2025\/05\/vetted_large.png\" class=\"attachment-full size-full wp-image-31279\" alt=\"Verein Welle|\u00dcber uns\" srcset=\"https:\/\/vereinwelle.ch\/wp-content\/uploads\/2025\/05\/vetted_large.png 845w, https:\/\/vereinwelle.ch\/wp-content\/uploads\/2025\/05\/vetted_large-300x277.png 300w, https:\/\/vereinwelle.ch\/wp-content\/uploads\/2025\/05\/vetted_large-768x710.png 768w, https:\/\/vereinwelle.ch\/wp-content\/uploads\/2025\/05\/vetted_large-13x12.png 13w\" sizes=\"(max-width: 845px) 100vw, 845px\" title=\"Verein Welle | \u00dcber uns\" \/>\t\t\t\t\t\t\t\t\t\t\t\t\t\t\t<\/div>\n\t\t\t\t<\/div>\n\t\t\t\t<div class=\"elementor-element elementor-element-f241b6c elementor-widget-tablet__width-initial elementor-widget elementor-widget-image\" data-id=\"f241b6c\" data-element_type=\"widget\" data-e-type=\"widget\" data-widget_type=\"image.default\">\n\t\t\t\t<div class=\"elementor-widget-container\">\n\t\t\t\t\t\t\t\t\t\t\t\t\t\t\t<img loading=\"lazy\" decoding=\"async\" width=\"450\" height=\"318\" src=\"https:\/\/vereinwelle.ch\/wp-content\/uploads\/2024\/10\/Tax-free-Logo.png\" class=\"attachment-full size-full wp-image-30678\" alt=\"Steuerfrei - Logo\" srcset=\"https:\/\/vereinwelle.ch\/wp-content\/uploads\/2024\/10\/Tax-free-Logo.png 450w, https:\/\/vereinwelle.ch\/wp-content\/uploads\/2024\/10\/Tax-free-Logo-300x212.png 300w, https:\/\/vereinwelle.ch\/wp-content\/uploads\/2024\/10\/Tax-free-Logo-18x12.png 18w\" sizes=\"(max-width: 450px) 100vw, 450px\" title=\"Verein Welle | \u00dcber uns\" \/>\t\t\t\t\t\t\t\t\t\t\t\t\t\t\t<\/div>\n\t\t\t\t<\/div>\n\t\t\t\t<div class=\"elementor-element elementor-element-f62039c elementor-widget-tablet__width-initial elementor-widget elementor-widget-image\" data-id=\"f62039c\" data-element_type=\"widget\" data-e-type=\"widget\" data-widget_type=\"image.default\">\n\t\t\t\t<div class=\"elementor-widget-container\">\n\t\t\t\t\t\t\t\t\t\t\t\t\t\t\t<img loading=\"lazy\" decoding=\"async\" width=\"400\" height=\"400\" src=\"https:\/\/vereinwelle.ch\/wp-content\/uploads\/2024\/05\/Bright-Funds-Vertical-Logo.png\" class=\"attachment-full size-full wp-image-31251\" alt=\"vereinwelle\" srcset=\"https:\/\/vereinwelle.ch\/wp-content\/uploads\/2024\/05\/Bright-Funds-Vertical-Logo.png 400w, https:\/\/vereinwelle.ch\/wp-content\/uploads\/2024\/05\/Bright-Funds-Vertical-Logo-300x300.png 300w, https:\/\/vereinwelle.ch\/wp-content\/uploads\/2024\/05\/Bright-Funds-Vertical-Logo-150x150.png 150w, https:\/\/vereinwelle.ch\/wp-content\/uploads\/2024\/05\/Bright-Funds-Vertical-Logo-12x12.png 12w\" sizes=\"(max-width: 400px) 100vw, 400px\" title=\"Verein Welle | \u00dcber uns\" \/>\t\t\t\t\t\t\t\t\t\t\t\t\t\t\t<\/div>\n\t\t\t\t<\/div>\n\t\t\t\t<div class=\"elementor-element elementor-element-490a47e elementor-widget-tablet__width-initial elementor-widget elementor-widget-image\" data-id=\"490a47e\" data-element_type=\"widget\" data-e-type=\"widget\" data-widget_type=\"image.default\">\n\t\t\t\t<div class=\"elementor-widget-container\">\n\t\t\t\t\t\t\t\t\t\t\t\t\t\t\t<img loading=\"lazy\" decoding=\"async\" width=\"512\" height=\"512\" src=\"https:\/\/vereinwelle.ch\/wp-content\/uploads\/2024\/05\/SSL-icons.png\" class=\"attachment-full size-full wp-image-30675\" alt=\"Verein Welle|\u00dcber uns\" srcset=\"https:\/\/vereinwelle.ch\/wp-content\/uploads\/2024\/05\/SSL-icons.png 512w, https:\/\/vereinwelle.ch\/wp-content\/uploads\/2024\/05\/SSL-icons-300x300.png 300w, https:\/\/vereinwelle.ch\/wp-content\/uploads\/2024\/05\/SSL-icons-150x150.png 150w, https:\/\/vereinwelle.ch\/wp-content\/uploads\/2024\/05\/SSL-icons-12x12.png 12w\" sizes=\"(max-width: 512px) 100vw, 512px\" title=\"Verein Welle | \u00dcber uns\" \/>\t\t\t\t\t\t\t\t\t\t\t\t\t\t\t<\/div>\n\t\t\t\t<\/div>\n\t\t\t\t<\/div>\n\t\t\t\t<\/div>\n\t\t<div class=\"elementor-element elementor-element-e5a2010 e-flex e-con-boxed e-con e-child\" data-id=\"e5a2010\" data-element_type=\"container\" data-e-type=\"container\">\n\t\t\t\t\t<div class=\"e-con-inner\">\n\t\t<div class=\"elementor-element elementor-element-00ccaff e-con-full e-flex e-con e-child\" data-id=\"00ccaff\" data-element_type=\"container\" data-e-type=\"container\">\n\t\t\t\t<div class=\"elementor-element elementor-element-e280760 elementor-widget elementor-widget-heading\" data-id=\"e280760\" data-element_type=\"widget\" data-e-type=\"widget\" data-widget_type=\"heading.default\">\n\t\t\t\t<div class=\"elementor-widget-container\">\n\t\t\t\t\t<h2 class=\"elementor-heading-title elementor-size-default\">Bewusstseinsbildung<\/h2>\t\t\t\t<\/div>\n\t\t\t\t<\/div>\n\t\t\t\t<div class=\"elementor-element elementor-element-4f12d15 elementor-widget elementor-widget-text-editor\" data-id=\"4f12d15\" data-element_type=\"widget\" data-e-type=\"widget\" data-widget_type=\"text-editor.default\">\n\t\t\t\t<div class=\"elementor-widget-container\">\n\t\t\t\t\t\t\t\t\t<p>Trotz der zahlreichen Verurteilungen des im Iran herrschenden Mullah-Regimes durch die Vereinten Nationen, ist das Ausma\u00df der Menschenrechtsverletzungen im Iran nach wie vor kaum bekannt, da es in den internationalen Medien kaum ausreichende Berichte dar\u00fcber gibt.<\/p><p>Die zahlreichen Einschr\u00e4nkungen f\u00fcr Journalisten, die Massenverhaftungen von Menschenrechtsaktivisten und die weit verbreitete Unterdr\u00fcckung im Iran machen es sehr schwierig, aktuelle Informationen \u00fcber die Lage im Land zu erhalten. Eine unserer Hauptaufgaben ist es daher, \u00fcber die Menschenrechtslage im Iran zu berichten.<br \/>Wir sensibilisieren mit Veranstaltungen, Vortr\u00e4gen, Konferenzen und Ausstellungen sowie mit Filmen und Informationsbrosch\u00fcren, wodurch heute Tausende von Menschen in der Schweiz \u00fcber die Menschenrechtslage im Iran in Kenntnis gesetzt werden.<\/p>\t\t\t\t\t\t\t\t<\/div>\n\t\t\t\t<\/div>\n\t\t\t\t<\/div>\n\t\t<div class=\"elementor-element elementor-element-78cf9ba e-con-full e-flex e-con e-child\" data-id=\"78cf9ba\" data-element_type=\"container\" data-e-type=\"container\">\n\t\t\t\t<div class=\"elementor-element elementor-element-d14eb1c elementor-widget elementor-widget-image\" data-id=\"d14eb1c\" data-element_type=\"widget\" data-e-type=\"widget\" data-widget_type=\"image.default\">\n\t\t\t\t<div class=\"elementor-widget-container\">\n\t\t\t\t\t\t\t\t\t\t\t\t\t\t\t<img loading=\"lazy\" decoding=\"async\" width=\"390\" height=\"404\" src=\"https:\/\/vereinwelle.ch\/wp-content\/uploads\/2024\/06\/raise.png\" class=\"attachment-large size-large wp-image-29238\" alt=\"Verein Welle|\u00dcber uns\" srcset=\"https:\/\/vereinwelle.ch\/wp-content\/uploads\/2024\/06\/raise.png 390w, https:\/\/vereinwelle.ch\/wp-content\/uploads\/2024\/06\/raise-290x300.png 290w\" sizes=\"(max-width: 390px) 100vw, 390px\" title=\"Verein Welle | \u00dcber uns\" \/>\t\t\t\t\t\t\t\t\t\t\t\t\t\t\t<\/div>\n\t\t\t\t<\/div>\n\t\t\t\t<\/div>\n\t\t\t\t\t<\/div>\n\t\t\t\t<\/div>\n\t\t<div class=\"elementor-element elementor-element-b74f4d0 e-flex e-con-boxed e-con e-child\" data-id=\"b74f4d0\" data-element_type=\"container\" data-e-type=\"container\">\n\t\t\t\t\t<div class=\"e-con-inner\">\n\t\t<div class=\"elementor-element elementor-element-dae6bc4 e-con-full e-flex e-con e-child\" data-id=\"dae6bc4\" data-element_type=\"container\" data-e-type=\"container\">\n\t\t\t\t<div class=\"elementor-element elementor-element-78edaa2 elementor-widget elementor-widget-heading\" data-id=\"78edaa2\" data-element_type=\"widget\" data-e-type=\"widget\" data-widget_type=\"heading.default\">\n\t\t\t\t<div class=\"elementor-widget-container\">\n\t\t\t\t\t<h2 class=\"elementor-heading-title elementor-size-default\">Hilfe<\/h2>\t\t\t\t<\/div>\n\t\t\t\t<\/div>\n\t\t\t\t<div class=\"elementor-element elementor-element-d7bea2e elementor-widget elementor-widget-text-editor\" data-id=\"d7bea2e\" data-element_type=\"widget\" data-e-type=\"widget\" data-widget_type=\"text-editor.default\">\n\t\t\t\t<div class=\"elementor-widget-container\">\n\t\t\t\t\t\t\t\t\t<p>Unsere Verantwortung besteht in erster Linie darin, uns f\u00fcr die Rettung von Menschenleben einzusetzen.<br \/>Im Jahr 2016 waren wir an der Rettung von 3.000 iranischen Dissidenten der religi\u00f6sen Diktatur beteiligt. Die Unterst\u00fctzung unseres Vereins hat das Leben dieser Menschen positiv ver\u00e4ndert. Nach jahrzehntelanger Gefangenschaft und st\u00e4ndiger Todesgefahr haben sie nun eine neue Perspektive und Zukunft vor sich.<br \/>Der Verein \"Welle\" hat die Kosten f\u00fcr Logistik, f\u00fcr medizinische Behandlung und Medikamente f\u00fcr Kranke und bed\u00fcrftige Fl\u00fcchtlinge \u00fcbernommen.<\/p><p>Dank eines anderen von uns unterst\u00fctzten Projekts konnten im vergangenen Jahr zahlreiche Hinrichtungen im Iran verhindert und das Leben vieler inhaftierter Frauen- und Menschenrechtsaktivisten gerettet werden.<\/p>\t\t\t\t\t\t\t\t<\/div>\n\t\t\t\t<\/div>\n\t\t\t\t<\/div>\n\t\t<div class=\"elementor-element elementor-element-90d6147 e-con-full e-flex e-con e-child\" data-id=\"90d6147\" data-element_type=\"container\" data-e-type=\"container\">\n\t\t\t\t<div class=\"elementor-element elementor-element-5e80783 elementor-widget elementor-widget-image\" data-id=\"5e80783\" data-element_type=\"widget\" data-e-type=\"widget\" data-widget_type=\"image.default\">\n\t\t\t\t<div class=\"elementor-widget-container\">\n\t\t\t\t\t\t\t\t\t\t\t\t\t\t\t<img loading=\"lazy\" decoding=\"async\" width=\"518\" height=\"359\" src=\"https:\/\/vereinwelle.ch\/wp-content\/uploads\/2024\/06\/help.png\" class=\"attachment-large size-large wp-image-29242\" alt=\"Verein Welle|\u00dcber uns\" srcset=\"https:\/\/vereinwelle.ch\/wp-content\/uploads\/2024\/06\/help.png 518w, https:\/\/vereinwelle.ch\/wp-content\/uploads\/2024\/06\/help-300x208.png 300w\" sizes=\"(max-width: 518px) 100vw, 518px\" title=\"Verein Welle | \u00dcber uns\" \/>\t\t\t\t\t\t\t\t\t\t\t\t\t\t\t<\/div>\n\t\t\t\t<\/div>\n\t\t\t\t<\/div>\n\t\t\t\t\t<\/div>\n\t\t\t\t<\/div>\n\t\t<div class=\"elementor-element elementor-element-2c02bce e-flex e-con-boxed e-con e-child\" data-id=\"2c02bce\" data-element_type=\"container\" data-e-type=\"container\">\n\t\t\t\t\t<div class=\"e-con-inner\">\n\t\t<div class=\"elementor-element elementor-element-35bb0a0 e-con-full e-flex e-con e-child\" data-id=\"35bb0a0\" data-element_type=\"container\" data-e-type=\"container\">\n\t\t\t\t<div class=\"elementor-element elementor-element-eab18de elementor-widget elementor-widget-heading\" data-id=\"eab18de\" data-element_type=\"widget\" data-e-type=\"widget\" data-widget_type=\"heading.default\">\n\t\t\t\t<div class=\"elementor-widget-container\">\n\t\t\t\t\t<h2 class=\"elementor-heading-title elementor-size-default\">Ver\u00e4ndern<\/h2>\t\t\t\t<\/div>\n\t\t\t\t<\/div>\n\t\t\t\t<div class=\"elementor-element elementor-element-8a8c10a about-action-content elementor-widget elementor-widget-text-editor\" data-id=\"8a8c10a\" data-element_type=\"widget\" data-e-type=\"widget\" data-widget_type=\"text-editor.default\">\n\t\t\t\t<div class=\"elementor-widget-container\">\n\t\t\t\t\t\t\t\t\t<p>Mit unseren Dokumentations- und \u00d6ffentlichkeitsaktivit\u00e4ten, juristischen Kampagnen, kontinuierlichen Appellen an die UNO in Genf sowie mit Petitionskampagnen bem\u00fchen wir uns um kontninuierliche Interventionen, um den Druck auf das Teheraner Regime auf internationaler Ebene aufrechtzuerhalten und stetig zu erh\u00f6hen.<br \/>Wir wenden uns kontinuierlich an Menschenrechtsbeauftragte in Regierungen, Parlamenten und bei den Vereinten Nationen sowie an Menschenrechtsvertreter im Europ\u00e4ischen Parlament und beim Hohen Kommissar der Vereinten Nationen f\u00fcr Fl\u00fcchtlinge in Genf.<\/p><p><strong>Unsere Bem\u00fchungen<\/strong><\/p><ul><li>Interventionen auf h\u00f6chster politischer Ebene gegen Todesurteile, Hinrichtungen und andere Menschenrechtsverletzungen<\/li><li>Kontinuierliche \u00dcberwachung der Menschenrechtslage in Iran durch die internationale Gemeinschaft<\/li><li>Konsequenter internationaler Druck auf das iranische Regime, um Hinrichtungen und Repressionen zu verhindern und zu stoppen<\/li><\/ul>\t\t\t\t\t\t\t\t<\/div>\n\t\t\t\t<\/div>\n\t\t\t\t<\/div>\n\t\t<div class=\"elementor-element elementor-element-6c97fc1 e-con-full e-flex e-con e-child\" data-id=\"6c97fc1\" data-element_type=\"container\" data-e-type=\"container\">\n\t\t\t\t<div class=\"elementor-element elementor-element-ab06e09 elementor-widget elementor-widget-image\" data-id=\"ab06e09\" data-element_type=\"widget\" data-e-type=\"widget\" data-widget_type=\"image.default\">\n\t\t\t\t<div class=\"elementor-widget-container\">\n\t\t\t\t\t\t\t\t\t\t\t\t\t\t\t<img loading=\"lazy\" decoding=\"async\" width=\"576\" height=\"375\" src=\"https:\/\/vereinwelle.ch\/wp-content\/uploads\/2024\/06\/change.png\" class=\"attachment-large size-large wp-image-29246\" alt=\"Verein Welle|\u00dcber uns\" srcset=\"https:\/\/vereinwelle.ch\/wp-content\/uploads\/2024\/06\/change.png 576w, https:\/\/vereinwelle.ch\/wp-content\/uploads\/2024\/06\/change-300x195.png 300w\" sizes=\"(max-width: 576px) 100vw, 576px\" title=\"Verein Welle | \u00dcber uns\" \/>\t\t\t\t\t\t\t\t\t\t\t\t\t\t\t<\/div>\n\t\t\t\t<\/div>\n\t\t\t\t<\/div>\n\t\t\t\t\t<\/div>\n\t\t\t\t<\/div>\n\t\t\t\t\t<\/div>\n\t\t\t\t<\/div>\n\t\t<div class=\"elementor-element elementor-element-2b005d6 e-con-full e-flex e-con e-parent\" data-id=\"2b005d6\" data-element_type=\"container\" data-e-type=\"container\" data-settings=\"{&quot;background_background&quot;:&quot;classic&quot;}\">\n\t\t<div class=\"elementor-element elementor-element-cee5155 e-flex e-con-boxed e-con e-child\" data-id=\"cee5155\" data-element_type=\"container\" data-e-type=\"container\">\n\t\t\t\t\t<div class=\"e-con-inner\">\n\t\t\t\t<div class=\"elementor-element elementor-element-3b2bdc9 elementor-widget elementor-widget-heading\" data-id=\"3b2bdc9\" data-element_type=\"widget\" data-e-type=\"widget\" data-widget_type=\"heading.default\">\n\t\t\t\t<div class=\"elementor-widget-container\">\n\t\t\t\t\t<h2 class=\"elementor-heading-title elementor-size-default\">Mitglieder und Gr\u00fcnder<\/h2>\t\t\t\t<\/div>\n\t\t\t\t<\/div>\n\t\t\t\t<div class=\"elementor-element elementor-element-2b517a5 elementor-widget elementor-widget-heading\" data-id=\"2b517a5\" data-element_type=\"widget\" data-e-type=\"widget\" data-widget_type=\"heading.default\">\n\t\t\t\t<div class=\"elementor-widget-container\">\n\t\t\t\t\t<div class=\"elementor-heading-title elementor-size-default\">Die Mitglieder des Vereins \"Welle\" sind alle ehrenamtliche Freiwillige, die bei der Durchf\u00fchrung unserer Projekte helfen. Zu ihnen geh\u00f6ren Rechtsanw\u00e4lte, Menschenrechtsaktivisten, Medienschaffende, K\u00fcnstler, Musiker und viele andere.<\/div>\t\t\t\t<\/div>\n\t\t\t\t<\/div>\n\t\t\t\t\t<\/div>\n\t\t\t\t<\/div>\n\t\t\t\t<\/div>\n\t\t<div class=\"elementor-element elementor-element-60f6d90 e-con-full e-flex e-con e-parent\" data-id=\"60f6d90\" data-element_type=\"container\" data-e-type=\"container\">\n\t\t\t\t<div class=\"elementor-element elementor-element-62de481 elementor-widget elementor-widget-template\" data-id=\"62de481\" data-element_type=\"widget\" data-e-type=\"widget\" data-widget_type=\"template.default\">\n\t\t\t\t<div class=\"elementor-widget-container\">\n\t\t\t\t\t\t\t<div class=\"elementor-template\">\n\t\t\t\t\t<div data-elementor-type=\"container\" data-elementor-id=\"30304\" class=\"elementor elementor-30304\" data-elementor-post-type=\"elementor_library\">\n\t\t\t\t<div class=\"elementor-element elementor-element-8821b46 e-con-full e-flex e-con e-parent\" data-id=\"8821b46\" data-element_type=\"container\" data-e-type=\"container\" data-settings=\"{&quot;background_background&quot;:&quot;classic&quot;}\">\n\t\t<div class=\"elementor-element elementor-element-dd2a854 e-flex e-con-boxed e-con e-child\" data-id=\"dd2a854\" data-element_type=\"container\" data-e-type=\"container\">\n\t\t\t\t\t<div class=\"e-con-inner\">\n\t\t<div class=\"elementor-element elementor-element-78ae165 e-con-full e-flex e-con e-child\" data-id=\"78ae165\" data-element_type=\"container\" data-e-type=\"container\">\n\t\t\t\t<div class=\"elementor-element elementor-element-df64eaf elementor-widget elementor-widget-heading\" data-id=\"df64eaf\" data-element_type=\"widget\" data-e-type=\"widget\" data-widget_type=\"heading.default\">\n\t\t\t\t<div class=\"elementor-widget-container\">\n\t\t\t\t\t<h2 class=\"elementor-heading-title elementor-size-default\">Ihre Unterst\u00fctzung erm\u00f6glicht es uns, die Menschenrechte der iranischen Bev\u00f6lkerung, insbesondere der Frauen und Minderheiten zu verteidigen.<\/h2>\t\t\t\t<\/div>\n\t\t\t\t<\/div>\n\t\t\t\t<\/div>\n\t\t<div class=\"elementor-element elementor-element-48758bd e-con-full e-flex e-con e-child\" data-id=\"48758bd\" data-element_type=\"container\" data-e-type=\"container\">\n\t\t\t\t<div class=\"elementor-element elementor-element-bf45785 elementor-widget elementor-widget-button\" data-id=\"bf45785\" data-element_type=\"widget\" data-e-type=\"widget\" data-widget_type=\"button.default\">\n\t\t\t\t<div class=\"elementor-widget-container\">\n\t\t\t\t\t\t\t\t\t<div class=\"elementor-button-wrapper\">\n\t\t\t\t\t<a class=\"elementor-button elementor-button-link elementor-size-sm\" href=\"https:\/\/vereinwelle.ch\/de\/contact-8-2\/\">\n\t\t\t\t\t\t<span class=\"elementor-button-content-wrapper\">\n\t\t\t\t\t\t\t\t\t<span class=\"elementor-button-text\">Kontaktiere uns<\/span>\n\t\t\t\t\t<\/span>\n\t\t\t\t\t<\/a>\n\t\t\t\t<\/div>\n\t\t\t\t\t\t\t\t<\/div>\n\t\t\t\t<\/div>\n\t\t\t\t<div class=\"elementor-element elementor-element-479c1f6 elementor-widget elementor-widget-button\" data-id=\"479c1f6\" data-element_type=\"widget\" data-e-type=\"widget\" data-widget_type=\"button.default\">\n\t\t\t\t<div class=\"elementor-widget-container\">\n\t\t\t\t\t\t\t\t\t<div class=\"elementor-button-wrapper\">\n\t\t\t\t\t<a class=\"elementor-button elementor-button-link elementor-size-sm\" href=\"tel:+41445548261\">\n\t\t\t\t\t\t<span class=\"elementor-button-content-wrapper\">\n\t\t\t\t\t\t\t\t\t<span class=\"elementor-button-text\">044 554 82 61<\/span>\n\t\t\t\t\t<\/span>\n\t\t\t\t\t<\/a>\n\t\t\t\t<\/div>\n\t\t\t\t\t\t\t\t<\/div>\n\t\t\t\t<\/div>\n\t\t\t\t<\/div>\n\t\t\t\t\t<\/div>\n\t\t\t\t<\/div>\n\t\t\t\t<\/div>\n\t\t\t\t<\/div>\n\t\t\t\t<\/div>\n\t\t\t\t\t\t<\/div>\n\t\t\t\t<\/div>\n\t\t\t\t<\/div>\n\t\t\t\t<\/div>","protected":false},"excerpt":{"rendered":"<p>About us History of the association \u201cWelle-Verein f\u00fcr Menschenrechte und Freiheit\u201d is a charitable, non-denominational association, founded 2004 and\u00a0registered\u00a0in commercial register in canton Zurich. The supreme governing body of \u201cWelle\u201d is the general meeting, at which all association members are entitled to vote. It elects the board members and the executive committee. The board (comprising [&hellip;]<\/p>\n","protected":false},"author":1,"featured_media":0,"parent":0,"menu_order":0,"comment_status":"closed","ping_status":"closed","template":"","meta":{"footnotes":""},"class_list":["post-28854","page","type-page","status-publish","hentry"],"_links":{"self":[{"href":"https:\/\/vereinwelle.ch\/de\/wp-json\/wp\/v2\/pages\/28854","targetHints":{"allow":["GET"]}}],"collection":[{"href":"https:\/\/vereinwelle.ch\/de\/wp-json\/wp\/v2\/pages"}],"about":[{"href":"https:\/\/vereinwelle.ch\/de\/wp-json\/wp\/v2\/types\/page"}],"author":[{"embeddable":true,"href":"https:\/\/vereinwelle.ch\/de\/wp-json\/wp\/v2\/users\/1"}],"replies":[{"embeddable":true,"href":"https:\/\/vereinwelle.ch\/de\/wp-json\/wp\/v2\/comments?post=28854"}],"version-history":[{"count":15,"href":"https:\/\/vereinwelle.ch\/de\/wp-json\/wp\/v2\/pages\/28854\/revisions"}],"predecessor-version":[{"id":32117,"href":"https:\/\/vereinwelle.ch\/de\/wp-json\/wp\/v2\/pages\/28854\/revisions\/32117"}],"wp:attachment":[{"href":"https:\/\/vereinwelle.ch\/de\/wp-json\/wp\/v2\/media?parent=28854"}],"curies":[{"name":"wp","href":"https:\/\/api.w.org\/{rel}","templated":true}]}}