{"id":31992,"date":"2025-12-22T10:12:01","date_gmt":"2025-12-22T09:12:01","guid":{"rendered":"https:\/\/vereinwelle.ch\/?post_type=projects&#038;p=31992"},"modified":"2025-12-22T20:40:51","modified_gmt":"2025-12-22T19:40:51","slug":"verfolgung-von-christen-im-iran-eine-menschenrechtskrise","status":"publish","type":"projects","link":"https:\/\/vereinwelle.ch\/de\/projects\/persecution-of-christians-in-iran-a-human-rights-crisis\/","title":{"rendered":"Verfolgung von Christen im Iran \u2013 Eine Menschenrechtskrise"},"content":{"rendered":"<h2 class=\"wp-block-heading\">Eine Sonderuntersuchung und Kampagne des Vereins Welle<\/h2>\n\n\n\n<p><strong>Christen im Iran,<\/strong> Insbesondere Konvertiten vom Islam sind einer systematischen Kampagne von Verhaftungen, Inhaftierungen und Unterdr\u00fcckung ausgesetzt. Sie werden nicht wegen Verbrechen verfolgt, sondern weil sie ihren Glauben friedlich aus\u00fcben und ihr Grundrecht auf <strong>Religionsfreiheit<\/strong>.<\/p>\n\n\n\n\n\n<h2 class=\"wp-block-heading\">Ein globales Menschenrechtsproblem<\/h2>\n\n\n\n<p>Die <strong>Verfolgung von Christen im Iran<\/strong> ist kein isoliertes religi\u00f6ses Thema. Es ist Teil eines umfassenderen Musters von <strong>Menschenrechtsverletzungen<\/strong> die die W\u00fcrde, die Glaubensfreiheit und die Rechtsstaatlichkeit untergraben.<\/p>\n\n\n\n<p>Das iranische Recht und die Rechtspraxis kriminalisieren friedliche Bekundungen des Glaubens au\u00dferhalb staatlich genehmigter Rahmenbedingungen. Gerichte verh\u00e4ngen regelm\u00e4\u00dfig lange Haftstrafen gegen Personen allein aufgrund ihrer Religionsaus\u00fcbung oder ihrer Teilnahme an \u201cHauskirchen\u201d. Internationale Menschenrechtsorganisationen, darunter die <strong>UN<\/strong>, haben ihre Besorgnis \u00fcber diese willk\u00fcrlichen Verhaftungen und die Praxis der Verh\u00e4ngung harter Strafen zum Ausdruck gebracht.<\/p>\n\n\n\n<h2 class=\"wp-block-heading\">Dokumentierte F\u00e4lle \u2013 Dringend und laufend<\/h2>\n\n\n\n<figure class=\"wp-block-image size-full\"><img fetchpriority=\"high\" decoding=\"async\" width=\"350\" height=\"175\" src=\"https:\/\/vereinwelle.ch\/wp-content\/uploads\/2025\/12\/VW-image-22-12-2025-2.jpg\" alt=\"\" class=\"wp-image-31994\" srcset=\"https:\/\/vereinwelle.ch\/wp-content\/uploads\/2025\/12\/VW-image-22-12-2025-2.jpg 350w, https:\/\/vereinwelle.ch\/wp-content\/uploads\/2025\/12\/VW-image-22-12-2025-2-300x150.jpg 300w, https:\/\/vereinwelle.ch\/wp-content\/uploads\/2025\/12\/VW-image-22-12-2025-2-18x9.jpg 18w\" sizes=\"(max-width: 350px) 100vw, 350px\" \/><\/figure>\n\n\n\n<h3 class=\"wp-block-heading\">Mehran Shamloui: \u00dcber 10 Jahre im Gef\u00e4ngnis wegen seines Glaubens<\/h3>\n\n\n\n<p>Mehran Shamloui, ein 37-j\u00e4hriger Konvertit zum Christentum, wurde nach einer Razzia der Sicherheitskr\u00e4fte in Teheran festgenommen. Nach langwierigen Verh\u00f6ren und erniedrigender Behandlung im Evin-Gef\u00e4ngnis wurde er wegen seiner religi\u00f6sen Aktivit\u00e4ten zu 10 Jahren und 8 Monaten Haft verurteilt. Er suchte kurzzeitig Zuflucht in der T\u00fcrkei, wurde jedoch zwangsweise in den Iran zur\u00fcckgebracht und sofort erneut festgenommen.<\/p>\n\n\n\n<h3 class=\"wp-block-heading\">Drei Christen zu \u00fcber 40 Jahren Haft verurteilt<\/h3>\n\n\n\n<p>Im M\u00e4rz 2025 wurden drei christliche Konvertiten, Abbas Soori, Narges Nasri und Mehran Shamloui, zu insgesamt mehr als 40 Jahren Haft verurteilt. Sie wurden aufgrund weit gefasster Anklagen gegen die nationale Sicherheit verurteilt, die den christlichen Gottesdienst mit einer Bedrohung f\u00fcr den Staat gleichsetzen.<\/p>\n\n\n\n<figure class=\"wp-block-image size-full\"><img decoding=\"async\" width=\"400\" height=\"147\" src=\"https:\/\/vereinwelle.ch\/wp-content\/uploads\/2025\/12\/VW-image-22-12-2025-3.jpg\" alt=\"\" class=\"wp-image-31995\" srcset=\"https:\/\/vereinwelle.ch\/wp-content\/uploads\/2025\/12\/VW-image-22-12-2025-3.jpg 400w, https:\/\/vereinwelle.ch\/wp-content\/uploads\/2025\/12\/VW-image-22-12-2025-3-300x110.jpg 300w, https:\/\/vereinwelle.ch\/wp-content\/uploads\/2025\/12\/VW-image-22-12-2025-3-18x7.jpg 18w\" sizes=\"(max-width: 400px) 100vw, 400px\" \/><\/figure>\n\n\n\n<h2 class=\"wp-block-heading\">Gewaltsame \u00dcberstellungen und Verweigerung grundlegender Rechte<\/h2>\n\n\n\n<p>Mehrere christliche Gefangene, darunter Nasser Navard Gol-Tapeh, Joseph Shahbazian, Aida Najaflou und Amir-Ali Minaei, wurden zwangsweise zwischen Gef\u00e4ngnissen verlegt und erhielten keine medizinische Versorgung. Aida Najaflou leidet derzeit an einer Wirbels\u00e4ulenfraktur, ohne Zugang zu einer Behandlung zu haben \u2013 eine Praxis, die von Experten als eine Form der Folter verurteilt wird.<\/p>\n\n\n\n<h2 class=\"wp-block-heading\">Was die internationale Gemeinschaft sagt<\/h2>\n\n\n\n<p>Die Vereinten Nationen und ihre Mitgliedstaaten haben wiederholt Alarm geschlagen:<\/p>\n\n\n\n<ul class=\"wp-block-list\">\n<li><strong>Resolution der Generalversammlung der Vereinten Nationen:<\/strong> Eine k\u00fcrzlich verabschiedete Resolution verurteilte die Menschenrechtslage im Iran und hob dabei insbesondere die Einschr\u00e4nkungen der Religionsfreiheit hervor.<\/li>\n\n\n\n<li><strong>Willk\u00fcrliche Verhaftungen:<\/strong> In der Resolution wurde auf die versch\u00e4rfte Diskriminierung und die strafrechtlichen Ma\u00dfnahmen gegen religi\u00f6se Minderheiten hingewiesen.<\/li>\n\n\n\n<li><strong>Internationale Verpflichtungen:<\/strong> UN-Experten fordern den Iran nachdr\u00fccklich auf, seinen Verpflichtungen gem\u00e4\u00df dem V\u00f6lkerrecht in Bezug auf Gedanken- und Gewissensfreiheit nachzukommen.<\/li>\n<\/ul>\n\n\n\n<h2 class=\"wp-block-heading\">Welles Untersuchung und F\u00fcrsprache<\/h2>\n\n\n\n<p><strong>Verein Welle<\/strong> dokumentiert diese Missbr\u00e4uche sorgf\u00e4ltig und unabh\u00e4ngig. Unsere Arbeit konzentriert sich auf:<\/p>\n\n\n\n<ul class=\"wp-block-list\">\n<li>Aufdeckung fortdauernder Verst\u00f6\u00dfe gegen <strong>Religionsfreiheit im Iran<\/strong>.<\/li>\n\n\n\n<li>Die Stimmen von Gefangenen und ihren Familien verst\u00e4rken.<\/li>\n\n\n\n<li>Mobilisierung internationalen Drucks f\u00fcr ihren Schutz und ihre Freilassung.<\/li>\n\n\n\n<li>Unterst\u00fctzung gezielter humanit\u00e4rer und rechtlicher Hilfe.<\/li>\n<\/ul>\n\n\n\n<h2 class=\"wp-block-heading\">Setzen Sie heute ein Zeichen: So k\u00f6nnen Sie helfen<\/h2>\n\n\n\n<p>Christliche Gefangene im Iran sind derzeit in Gefahr. Jeder Tag, an dem nichts unternommen wird, bedeutet mehr Leid. Sie k\u00f6nnen sofort helfen:<\/p>\n\n\n\n<ul class=\"wp-block-list\">\n<li><strong>Spenden Sie, um die Menschenrechtsarbeit von Welle zu unterst\u00fctzen:<\/strong> Ihr Beitrag erm\u00f6glicht Dokumentation, Interessenvertretung und internationales Engagement.<\/li>\n\n\n\n<li><strong>Dieses Projekt teilen:<\/strong> Schweigen sch\u00fctzt Unterdr\u00fcckung. Bewusstsein erzeugt Druck.<\/li>\n\n\n\n<li><strong>Informieren Sie Ihre Vertreter:<\/strong> Internationale Rechenschaftspflicht ist wichtig.<\/li>\n<\/ul>\n\n\n\n<p>\ud83d\udc49 <strong><a href=\"https:\/\/vereinwelle.ch\/de\/eine-spende-machen\/\" target=\"_blank\" rel=\"noreferrer noopener\">Spenden Sie f\u00fcr den Menschenrechtsfonds des Vereins Welle<\/a><\/strong><\/p>\n\n\n\n<p><strong>Schweigen erm\u00f6glicht Unterdr\u00fcckung. Deine Handlungen k\u00f6nnen Leben retten.<\/strong><\/p>\n\n\n\n<p><\/p>","protected":false},"excerpt":{"rendered":"<p>A special investigation &amp; campaign by Verein Welle Christians in Iran, particularly converts from Islam are facing a systematic campaign of arrest, imprisonment, and repression. They are not targeted for crimes, but for peacefully practicing their faith and exercising their fundamental right to freedom of religion. A global Human Rights concern The persecution of Christians [&hellip;]<\/p>\n","protected":false},"featured_media":31993,"template":"","project-category":[],"class_list":["post-31992","projects","type-projects","status-publish","has-post-thumbnail","hentry"],"_links":{"self":[{"href":"https:\/\/vereinwelle.ch\/de\/wp-json\/wp\/v2\/projects\/31992","targetHints":{"allow":["GET"]}}],"collection":[{"href":"https:\/\/vereinwelle.ch\/de\/wp-json\/wp\/v2\/projects"}],"about":[{"href":"https:\/\/vereinwelle.ch\/de\/wp-json\/wp\/v2\/types\/projects"}],"wp:featuredmedia":[{"embeddable":true,"href":"https:\/\/vereinwelle.ch\/de\/wp-json\/wp\/v2\/media\/31993"}],"wp:attachment":[{"href":"https:\/\/vereinwelle.ch\/de\/wp-json\/wp\/v2\/media?parent=31992"}],"wp:term":[{"taxonomy":"project-category","embeddable":true,"href":"https:\/\/vereinwelle.ch\/de\/wp-json\/wp\/v2\/project-category?post=31992"}],"curies":[{"name":"wp","href":"https:\/\/api.w.org\/{rel}","templated":true}]}}