{"id":32103,"date":"2026-01-27T10:12:16","date_gmt":"2026-01-27T09:12:16","guid":{"rendered":"https:\/\/vereinwelle.ch\/?post_type=projects&#038;p=32103"},"modified":"2026-01-27T10:12:18","modified_gmt":"2026-01-27T09:12:18","slug":"dokumentation-von-ausergerichtlichen-hinrichtungen-und-massengrabern-unter-totalem-internet-blackout","status":"publish","type":"projects","link":"https:\/\/vereinwelle.ch\/de\/projects\/documenting-extrajudicial-executions-and-mass-graves-under-total-internet-blackout\/","title":{"rendered":"Iran 2026: Dokumentation von au\u00dfergerichtlichen Hinrichtungen und Massengr\u00e4bern unter totalem Internet-Blackout"},"content":{"rendered":"<h2 class=\"wp-block-heading\"><strong>1. Die Situation: Gr\u00e4ueltaten in absoluter Dunkelheit<\/strong><\/h2>\n\n\n\n<p>Seit <strong>Januar 10, 2026<\/strong>, Mit der vollst\u00e4ndigen Abschaltung des Internets hat sich der Iran in ein riesiges digitales Gef\u00e4ngnis verwandelt. Hinter dieser Mauer des Schweigens ist eine umfassende S\u00e4uberung im Gange. Nach den neuesten Statistiken, die wir von unserem internen Netzwerk erhalten haben, \u00fcbersteigt das Ausma\u00df der Razzien alle bisherigen Sch\u00e4tzungen:<\/p>\n\n\n\n<ul class=\"wp-block-list\">\n<li><strong>\u00dcber 30.000 Tote<\/strong><\/li>\n\n\n\n<li><strong>\u00dcber 50.000 Verhaftungen<\/strong> und unter unbekannten Bedingungen festgehalten.<\/li>\n<\/ul>\n\n\n\n<p><strong>Erfahrungsberichte: Die Verwundeten lebendig begraben<\/strong> Was diese Situation von einer blutigen Niederschlagung zu einem entsetzlichen Verbrechen gegen die Menschlichkeit macht, sind die dokumentierten Berichte \u00fcber die Behandlung der Leichen und der Verwundeten. Wir haben erhalten <strong>4 best\u00e4tigte Fakten<\/strong> was darauf hindeutet, dass das Regime in einigen F\u00e4llen lebende Personen unter den Leichen begr\u00e4bt:<\/p>\n\n\n\n<p><strong>Die Trag\u00f6die im Krankenhaus von Isfahan:<\/strong> Berichten zufolge wurden in der Leichenhalle des Krankenhauses Leichen und kaum noch lebende Verwundete \u00fcbereinander gestapelt. Augenzeugen berichteten, dass sie St\u00f6hnen und \u00c4chzen aus dem Leichenhaufen h\u00f6rten, doch die Sicherheitskr\u00e4fte versiegelten und verriegelten die T\u00fcren der Leichenhalle und verwehrten den darin eingeschlossenen Verwundeten jeglichen medizinischen Zugang.<\/p>\n\n\n\n<p><strong>Der Kahrizak-Zwischenfall:<\/strong> In einem anderen schockierenden Fall entdeckte ein Vater, der in der Haftanstalt von Kahrizak nach der Leiche seines Sohnes suchte, einen anderen Jungen, der lebendig in einem Leichensack zwischen den Leichen lag. Der ver\u00e4ngstigte junge Mann erz\u00e4hlte, dass er stundenlang inmitten der Toten geschwiegen und den Atem angehalten hatte, weil er bef\u00fcrchtete, dass die Beamten, wenn er einen Laut von sich geben w\u00fcrde, bemerken w\u00fcrden, dass er noch am Leben ist, und einen Schuss abgeben w\u00fcrden. <em>Gnadensto\u00df<\/em> (t\u00f6dlicher Schuss) in seinen Kopf.<\/p>\n\n\n\n<p>Diese Berichte stellen nur einen Bruchteil der Realit\u00e4t dar, die sich derzeit im Iran abspielt. Unser Ziel ist es, diese Verbrechen genau zu dokumentieren, bevor die Beweise vollst\u00e4ndig vernichtet werden.<\/p>\n\n\n\n<h2 class=\"wp-block-heading\"><strong>Die Alarmglocke der Geschichte: vom V\u00f6lkermord 1988 bis 2026<\/strong><\/h2>\n\n\n\n<p>Wir k\u00f6nnen nicht sagen: \u201cWir haben es nicht gewusst\u201d. Die Geschichte wiederholt sich vor unseren Augen, aber dieses Mal mit gr\u00f6\u00dferer Geschwindigkeit.<\/p>\n\n\n\n<p>In dem blutigen Sommer von <strong>1988<\/strong>, Unter einer \u00e4hnlichen Nachrichtensperre schickte das iranische Regime <strong>30.000 politische Gefangene<\/strong> bis hin zu Erschie\u00dfungskommandos. Die Welt schwieg damals, und der Preis f\u00fcr dieses Schweigen waren vier Jahrzehnte der Straffreiheit f\u00fcr die Verbrecher.<\/p>\n\n\n\n<p>Es war nur in <strong>Juni 2024<\/strong> dass die internationale Gemeinschaft durch den historischen Bericht des UN-Sonderberichterstatters <strong>Javaid Rehman<\/strong>, Dieses Massaker wurde offiziell als klarer Fall von <strong>\u201cGenozid\u201d<\/strong> und Verbrechen gegen die Menschlichkeit.heute in <strong>2026<\/strong>, Wir werden nicht zulassen, dass weitere 40 Jahre vergehen, um die Wahrheit zu beweisen. Das Regime z\u00e4hlt auf die Ignoranz und Unt\u00e4tigkeit der Welt, um einen \u201czweiten V\u00f6lkermord\u201d zu vollenden. Wir m\u00fcssen dieses Kalk\u00fcl durchkreuzen.<\/p>\n\n\n\n<h2 class=\"wp-block-heading\"><strong>Unser Auftrag (Phase zwei): Namen sind Schutzschilde f\u00fcr Leben<\/strong><\/h2>\n\n\n\n<p>Die Erfahrung im Kampf gegen totalit\u00e4re Regime hat einen Grundsatz bewiesen: <strong>Anonymit\u00e4t ist die M\u00f6rderin des Gefangenen.<\/strong> Wenn der Name eines Gefangenen, eines verhafteten Demonstranten oder eines Hinrichtungsopfers bekannt wird, steigen die Kosten des Verbrechens f\u00fcr das Regime dramatisch an.<\/p>\n\n\n\n<p>Dieses Projekt (das unsere zweite operative Phase in diesem Aufstand ist) konzentriert sich auf ein wichtiges und risikoreiches Ziel: <strong>In das Herz der Finsternis eindringen, um die Wahrheit herauszufinden.<\/strong><\/p>\n\n\n\n<p>Wir beabsichtigen, unser komplexes Netz interner Quellen zu nutzen, um die Namen von Gefangenen zu ermitteln, bevor sie stillschweigend eliminiert werden, die Standorte von Massengr\u00e4bern zu dokumentieren und die Akten dieser Verbrechen unverz\u00fcglich auf die Schreibtische internationaler Gremien zu legen.<\/p>\n\n\n\n<h2 class=\"wp-block-heading\"><strong>Unser Engagement f\u00fcr Sie: Transparenz und Partnerschaft bei der Rettung von Leben<\/strong><\/h2>\n\n\n\n<p>Wir wissen, dass finanzielle Unterst\u00fctzung unter solchen Umst\u00e4nden eine Investition in die Menschlichkeit ist. Aus diesem Grund sammeln wir nicht nur Hilfsg\u00fcter, sondern betrachten Sie als Partner in unserer Arbeit.<\/p>\n\n\n\n<h3 class=\"wp-block-heading\"><strong>Wir verpflichten uns:<\/strong><\/h3>\n\n\n\n<p>W\u00e4hrend das Regime versucht, alles im Verborgenen zu halten, werden wir f\u00fcr Sie transparent sein. Als Unterst\u00fctzer dieses Projekts werden Sie kontinuierlich \u00fcber die Auswirkungen Ihres Beitrags informiert. Wir verpflichten uns, Sie zu benachrichtigen, sobald wir eine neue Liste von H\u00e4ftlingsnamen oder glaubw\u00fcrdige Informationen \u00fcber Grabst\u00e4tten erhalten, \u00fcberpr\u00fcfen und best\u00e4tigen (unter strikter Einhaltung der Sicherheitsprotokolle zum Schutz des Lebens unserer Quellen).<\/p>\n\n\n\n<p>Bei diesen Aktualisierungen handelt es sich nicht um blo\u00dfe Fortschrittsberichte, sondern um lebendige Dokumente, die zeigen, dass Ihre Hilfe direkt dazu beitr\u00e4gt, Hindernisse f\u00fcr die Hinrichtungsmaschine zu schaffen. Sie werden sehen, wie Ihre Mittel in Informationen umgewandelt werden, die Menschenleben retten.<\/p>\n\n\n\n<figure class=\"wp-block-image size-large\"><img fetchpriority=\"high\" decoding=\"async\" width=\"1024\" height=\"631\" src=\"https:\/\/vereinwelle.ch\/wp-content\/uploads\/2026\/01\/27-01-2026-art-3-1024x631.png\" alt=\"\" class=\"wp-image-32105\" srcset=\"https:\/\/vereinwelle.ch\/wp-content\/uploads\/2026\/01\/27-01-2026-art-3-1024x631.png 1024w, https:\/\/vereinwelle.ch\/wp-content\/uploads\/2026\/01\/27-01-2026-art-3-300x185.png 300w, https:\/\/vereinwelle.ch\/wp-content\/uploads\/2026\/01\/27-01-2026-art-3-768x473.png 768w, https:\/\/vereinwelle.ch\/wp-content\/uploads\/2026\/01\/27-01-2026-art-3-1536x947.png 1536w, https:\/\/vereinwelle.ch\/wp-content\/uploads\/2026\/01\/27-01-2026-art-3-18x12.png 18w, https:\/\/vereinwelle.ch\/wp-content\/uploads\/2026\/01\/27-01-2026-art-3.png 1600w\" sizes=\"(max-width: 1024px) 100vw, 1024px\" \/><\/figure>\n\n\n\n<h2 class=\"wp-block-heading\"><strong>Warum brauchen wir jetzt Ihre Hilfe?<\/strong><\/h2>\n\n\n\n<p>Wenn das Internet abgeschaltet ist, sind nachrichtendienstliche T\u00e4tigkeiten die teuersten und gef\u00e4hrlichsten Aufgaben, die m\u00f6glich sind. Ihre Beitr\u00e4ge werden genau f\u00fcr diese lebenswichtigen Aufgaben verwendet:<\/p>\n\n\n\n<ol class=\"wp-block-list\">\n<li><strong>Technologie zur Umgehung der digitalen Blockade:<\/strong> Deckung der Kosten f\u00fcr Satellitenausr\u00fcstung und sichere, teure Kommunikationskan\u00e4le zur Kontaktaufnahme mit Quellen innerhalb des Landes.<\/li>\n\n\n\n<li><strong>Netzwerk f\u00fcr Feldforschung:<\/strong> Unterst\u00fctzung der mutigen Teams, die ihr Leben riskieren, um in Gef\u00e4ngnissen und Leichenhallen Informationen zu sammeln.<\/li>\n<\/ol>\n\n\n\n<p><strong>Globales Echo:<\/strong> Die \u00dcbermittlung dieser Informationen an die Medien und Diplomaten der Welt.<\/p>\n\n\n\n<h2 class=\"wp-block-heading\"><strong>Letzter Aufruf zum Handeln<\/strong><\/h2>\n\n\n\n<p>Das Regime will im Dunkeln t\u00f6ten, wir wollen Licht ins Dunkel bringen.<\/p>\n\n\n\n<p>Seien Sie in dieser Zeit, in der den Menschen im Iran das elementarste Recht auf Kommunikation vorenthalten wird, ihre Stimme. Ihre finanzielle Spende ist der Treibstoff f\u00fcr unsere Operation, Leben zu retten. Und das Teilen unserer Nachrichten in den sozialen Medien durchbricht die Barriere der Zensur, die das Regime errichtet hat.<\/p>\n\n\n\n<p><strong>Lassen Sie nicht zu, dass sich die Geschichte wiederholt. Handeln Sie heute.<\/strong><\/p>\n\n\n\n<p><\/p>","protected":false},"excerpt":{"rendered":"<p>1. The situation: atrocity in absolute darkness Since January 10, 2026, with the complete shutdown of the internet, Iran has transformed into a massive digital prison. Behind this wall of silence, a full-scale human purge is underway. Based on the latest statistics received from our internal network, the scale of the crackdown exceeds all previous [&hellip;]<\/p>\n","protected":false},"featured_media":32104,"template":"","project-category":[],"class_list":["post-32103","projects","type-projects","status-publish","has-post-thumbnail","hentry"],"_links":{"self":[{"href":"https:\/\/vereinwelle.ch\/de\/wp-json\/wp\/v2\/projects\/32103","targetHints":{"allow":["GET"]}}],"collection":[{"href":"https:\/\/vereinwelle.ch\/de\/wp-json\/wp\/v2\/projects"}],"about":[{"href":"https:\/\/vereinwelle.ch\/de\/wp-json\/wp\/v2\/types\/projects"}],"wp:featuredmedia":[{"embeddable":true,"href":"https:\/\/vereinwelle.ch\/de\/wp-json\/wp\/v2\/media\/32104"}],"wp:attachment":[{"href":"https:\/\/vereinwelle.ch\/de\/wp-json\/wp\/v2\/media?parent=32103"}],"wp:term":[{"taxonomy":"project-category","embeddable":true,"href":"https:\/\/vereinwelle.ch\/de\/wp-json\/wp\/v2\/project-category?post=32103"}],"curies":[{"name":"wp","href":"https:\/\/api.w.org\/{rel}","templated":true}]}}