{"id":31992,"date":"2025-12-22T10:12:01","date_gmt":"2025-12-22T09:12:01","guid":{"rendered":"https:\/\/vereinwelle.ch\/?post_type=projects&#038;p=31992"},"modified":"2025-12-22T20:40:51","modified_gmt":"2025-12-22T19:40:51","slug":"persecution-des-chretiens-en-iran-une-crise-des-droits-humains","status":"publish","type":"projects","link":"https:\/\/vereinwelle.ch\/fr\/projects\/persecution-of-christians-in-iran-a-human-rights-crisis\/","title":{"rendered":"Pers\u00e9cution des chr\u00e9tiens en Iran \u2014 Une crise des droits humains"},"content":{"rendered":"<h2 class=\"wp-block-heading\">Une enqu\u00eate sp\u00e9ciale et une campagne men\u00e9es par Verein Welle<\/h2>\n\n\n\n<p><strong>Les chr\u00e9tiens en Iran,<\/strong> Les convertis, en particulier ceux qui se sont d\u00e9tourn\u00e9s de l'islam, sont victimes d'une campagne syst\u00e9matique d'arrestations, d'emprisonnements et de r\u00e9pression. Ils ne sont pas vis\u00e9s pour avoir commis des crimes, mais pour avoir pratiqu\u00e9 leur foi pacifiquement et exerc\u00e9 leur droit fondamental \u00e0 <strong>libert\u00e9 de religion<\/strong>.<\/p>\n\n\n\n\n\n<h2 class=\"wp-block-heading\">Une pr\u00e9occupation mondiale en mati\u00e8re de droits humains<\/h2>\n\n\n\n<p>Les <strong>pers\u00e9cution des chr\u00e9tiens en Iran<\/strong> n'est pas une question religieuse isol\u00e9e. Elle s'inscrit dans un sch\u00e9ma plus large de <strong>violations des droits de l'homme<\/strong> qui portent atteinte \u00e0 la dignit\u00e9, \u00e0 la libert\u00e9 de croyance et \u00e0 l'\u00c9tat de droit.<\/p>\n\n\n\n<p>La l\u00e9gislation et la pratique judiciaire iraniennes criminalisent les expressions pacifiques de la foi en dehors des cadres approuv\u00e9s par l'\u00c9tat. Les tribunaux infligent r\u00e9guli\u00e8rement de longues peines de prison \u00e0 des personnes uniquement pour leur pratique religieuse ou leur participation \u00e0 des \u201c \u00e9glises de maison \u201d. Les organismes internationaux de d\u00e9fense des droits humains, notamment le <strong>ONU<\/strong>, ont exprim\u00e9 leur inqui\u00e9tude face \u00e0 ces arrestations arbitraires et \u00e0 ces peines s\u00e9v\u00e8res.<\/p>\n\n\n\n<h2 class=\"wp-block-heading\">Cas document\u00e9s \u2014 Urgents et en cours<\/h2>\n\n\n\n<figure class=\"wp-block-image size-full\"><img fetchpriority=\"high\" decoding=\"async\" width=\"350\" height=\"175\" src=\"https:\/\/vereinwelle.ch\/wp-content\/uploads\/2025\/12\/VW-image-22-12-2025-2.jpg\" alt=\"\" class=\"wp-image-31994\" srcset=\"https:\/\/vereinwelle.ch\/wp-content\/uploads\/2025\/12\/VW-image-22-12-2025-2.jpg 350w, https:\/\/vereinwelle.ch\/wp-content\/uploads\/2025\/12\/VW-image-22-12-2025-2-300x150.jpg 300w, https:\/\/vereinwelle.ch\/wp-content\/uploads\/2025\/12\/VW-image-22-12-2025-2-18x9.jpg 18w\" sizes=\"(max-width: 350px) 100vw, 350px\" \/><\/figure>\n\n\n\n<h3 class=\"wp-block-heading\">Mehran Shamloui : plus de 10 ans de prison pour sa foi<\/h3>\n\n\n\n<p>Mehran Shamloui, un converti au christianisme \u00e2g\u00e9 de 37 ans, a \u00e9t\u00e9 arr\u00eat\u00e9 \u00e0 T\u00e9h\u00e9ran \u00e0 la suite d'une descente des forces de s\u00e9curit\u00e9. Apr\u00e8s un interrogatoire prolong\u00e9 et des traitements d\u00e9gradants \u00e0 la prison d'Evin, il a \u00e9t\u00e9 condamn\u00e9 \u00e0 10 ans et 8 mois de prison pour ses activit\u00e9s religieuses. Il a bri\u00e8vement cherch\u00e9 refuge en Turquie, mais a \u00e9t\u00e9 renvoy\u00e9 de force en Iran et imm\u00e9diatement arr\u00eat\u00e9 \u00e0 nouveau.<\/p>\n\n\n\n<h3 class=\"wp-block-heading\">Trois chr\u00e9tiens condamn\u00e9s \u00e0 plus de 40 ans de prison<\/h3>\n\n\n\n<p>En mars 2025, trois convertis chr\u00e9tiens, Abbas Soori, Narges Nasri et Mehran Shamloui, ont \u00e9t\u00e9 condamn\u00e9s \u00e0 des peines de prison cumul\u00e9es totalisant plus de 40 ans. Ils ont \u00e9t\u00e9 reconnus coupables en vertu d'accusations g\u00e9n\u00e9rales li\u00e9es \u00e0 la s\u00e9curit\u00e9 nationale qui assimilent le culte chr\u00e9tien \u00e0 une menace pour l'\u00c9tat.<\/p>\n\n\n\n<figure class=\"wp-block-image size-full\"><img decoding=\"async\" width=\"400\" height=\"147\" src=\"https:\/\/vereinwelle.ch\/wp-content\/uploads\/2025\/12\/VW-image-22-12-2025-3.jpg\" alt=\"\" class=\"wp-image-31995\" srcset=\"https:\/\/vereinwelle.ch\/wp-content\/uploads\/2025\/12\/VW-image-22-12-2025-3.jpg 400w, https:\/\/vereinwelle.ch\/wp-content\/uploads\/2025\/12\/VW-image-22-12-2025-3-300x110.jpg 300w, https:\/\/vereinwelle.ch\/wp-content\/uploads\/2025\/12\/VW-image-22-12-2025-3-18x7.jpg 18w\" sizes=\"(max-width: 400px) 100vw, 400px\" \/><\/figure>\n\n\n\n<h2 class=\"wp-block-heading\">Transferts violents et d\u00e9ni des droits fondamentaux<\/h2>\n\n\n\n<p>Plusieurs prisonniers chr\u00e9tiens, dont Nasser Navard Gol-Tapeh, Joseph Shahbazian, Aida Najaflou et Amir-Ali Minaei, ont \u00e9t\u00e9 transf\u00e9r\u00e9s de force d'une prison \u00e0 l'autre et priv\u00e9s de soins m\u00e9dicaux. Aida Najaflou souffre actuellement d'une fracture de la colonne vert\u00e9brale sans pouvoir b\u00e9n\u00e9ficier de soins, une pratique condamn\u00e9e par les experts comme une forme de torture.<\/p>\n\n\n\n<h2 class=\"wp-block-heading\">Ce qu'en dit la communaut\u00e9 internationale<\/h2>\n\n\n\n<p>Les Nations Unies et leurs \u00c9tats membres ont tir\u00e9 la sonnette d'alarme \u00e0 plusieurs reprises :<\/p>\n\n\n\n<ul class=\"wp-block-list\">\n<li><strong>R\u00e9solution de l'Assembl\u00e9e g\u00e9n\u00e9rale des Nations Unies :<\/strong> Une r\u00e9solution r\u00e9cente a condamn\u00e9 le bilan de l'Iran en mati\u00e8re de droits de l'homme, soulignant en particulier les restrictions \u00e0 la libert\u00e9 de religion.<\/li>\n\n\n\n<li><strong>Arrestations arbitraires :<\/strong> La r\u00e9solution a soulign\u00e9 l'intensification de la discrimination et des mesures juridiques punitives \u00e0 l'encontre des minorit\u00e9s religieuses.<\/li>\n\n\n\n<li><strong>Obligations internationales :<\/strong> Les experts de l'ONU exhortent l'Iran \u00e0 respecter ses obligations en vertu du droit international en mati\u00e8re de libert\u00e9 de pens\u00e9e et de conscience.<\/li>\n<\/ul>\n\n\n\n<h2 class=\"wp-block-heading\">Enqu\u00eate et plaidoyer de Welle<\/h2>\n\n\n\n<p><strong>Verein Welle<\/strong> documente ces abus avec soin et ind\u00e9pendance. Notre travail se concentre sur :<\/p>\n\n\n\n<ul class=\"wp-block-list\">\n<li>D\u00e9noncer les violations persistantes de <strong>libert\u00e9 religieuse en Iran<\/strong>.<\/li>\n\n\n\n<li>Amplifier la voix des d\u00e9tenus et de leurs familles.<\/li>\n\n\n\n<li>Mobiliser la pression internationale pour leur protection et leur lib\u00e9ration.<\/li>\n\n\n\n<li>Soutenir l'aide humanitaire et juridique cibl\u00e9e.<\/li>\n<\/ul>\n\n\n\n<h2 class=\"wp-block-heading\">Prenez position d\u00e8s aujourd'hui : comment vous pouvez aider<\/h2>\n\n\n\n<p>Les prisonniers chr\u00e9tiens en Iran sont actuellement en danger. Chaque jour qui passe sans que rien ne soit fait signifie davantage de souffrances. Vous pouvez aider imm\u00e9diatement :<\/p>\n\n\n\n<ul class=\"wp-block-list\">\n<li><strong>Faites un don pour soutenir le travail de Welle en faveur des droits humains :<\/strong> Votre contribution permet la documentation, la d\u00e9fense des droits et l'engagement international.<\/li>\n\n\n\n<li><strong>Partager ce projet :<\/strong> Le silence prot\u00e8ge l'oppression. La prise de conscience cr\u00e9e une pression.<\/li>\n\n\n\n<li><strong>Informez vos repr\u00e9sentants :<\/strong> La responsabilit\u00e9 internationale est importante.<\/li>\n<\/ul>\n\n\n\n<p>\ud83d\udc49 <strong><a href=\"https:\/\/vereinwelle.ch\/fr\/faire-un-don\/\" target=\"_blank\" rel=\"noreferrer noopener\">Faites un don au Fonds pour les droits humains de l'association Verein Welle<\/a><\/strong><\/p>\n\n\n\n<p><strong>Le silence favorise l'oppression. Vos actions peuvent sauver des vies.<\/strong><\/p>\n\n\n\n<p><\/p>","protected":false},"excerpt":{"rendered":"<p>A special investigation &amp; campaign by Verein Welle Christians in Iran, particularly converts from Islam are facing a systematic campaign of arrest, imprisonment, and repression. They are not targeted for crimes, but for peacefully practicing their faith and exercising their fundamental right to freedom of religion. A global Human Rights concern The persecution of Christians [&hellip;]<\/p>\n","protected":false},"featured_media":31993,"template":"","project-category":[],"class_list":["post-31992","projects","type-projects","status-publish","has-post-thumbnail","hentry"],"_links":{"self":[{"href":"https:\/\/vereinwelle.ch\/fr\/wp-json\/wp\/v2\/projects\/31992","targetHints":{"allow":["GET"]}}],"collection":[{"href":"https:\/\/vereinwelle.ch\/fr\/wp-json\/wp\/v2\/projects"}],"about":[{"href":"https:\/\/vereinwelle.ch\/fr\/wp-json\/wp\/v2\/types\/projects"}],"wp:featuredmedia":[{"embeddable":true,"href":"https:\/\/vereinwelle.ch\/fr\/wp-json\/wp\/v2\/media\/31993"}],"wp:attachment":[{"href":"https:\/\/vereinwelle.ch\/fr\/wp-json\/wp\/v2\/media?parent=31992"}],"wp:term":[{"taxonomy":"project-category","embeddable":true,"href":"https:\/\/vereinwelle.ch\/fr\/wp-json\/wp\/v2\/project-category?post=31992"}],"curies":[{"name":"wp","href":"https:\/\/api.w.org\/{rel}","templated":true}]}}