{"id":32027,"date":"2026-01-03T16:21:00","date_gmt":"2026-01-03T15:21:00","guid":{"rendered":"https:\/\/vereinwelle.ch\/?post_type=projects&#038;p=32027"},"modified":"2026-01-23T16:55:58","modified_gmt":"2026-01-23T15:55:58","slug":"protestation-contre-le-massacre-en-iran","status":"publish","type":"projects","link":"https:\/\/vereinwelle.ch\/fr\/projects\/stop-massacre-in-iran-protest\/","title":{"rendered":"Aidez-nous ! Halte au massacre en Iran"},"content":{"rendered":"<h2 class=\"wp-block-heading\"><strong><strong>Prot\u00e9ger les manifestants d\u00e9tenus et les bless\u00e9s dans le cadre du soul\u00e8vement national en Iran<\/strong><\/strong><\/h2>\n\n\n\n<h3 class=\"wp-block-heading\"><strong><em>Le contenu sera mis \u00e0 jour.<\/em><\/strong><\/h3>\n\n\n\n<p>Depuis le 28 d\u00e9cembre, le peuple iranien manifeste pour d\u00e9fendre ses droits fondamentaux et les besoins essentiels de la vie quotidienne. La particularit\u00e9 de ces manifestations r\u00e9side dans le fait que les revendications sont pass\u00e9es de pr\u00e9occupations \u00e9conomiques \u00e0 des appels \u00e0 la fin de la dictature des mollahs. Les manifestations se sont rapidement \u00e9tendues aux 31 provinces du pays, avec la participation de personnes de tous horizons et de toutes g\u00e9n\u00e9rations. <a href=\"https:\/\/www.instagram.com\/stories\/highlights\/17894406591388364\/\" data-type=\"link\" data-id=\"https:\/\/www.instagram.com\/stories\/highlights\/17894406591388364\/\" target=\"_blank\" rel=\"noopener\">Grandes foules <\/a>ont \u00e9t\u00e9 signal\u00e9s en <a href=\"https:\/\/www.instagram.com\/reel\/DTQ-Bo1j8tg\/\" data-type=\"link\" data-id=\"https:\/\/www.instagram.com\/reel\/DTQ-Bo1j8tg\/\" target=\"_blank\" rel=\"noopener\">T\u00e9h\u00e9ran<\/a>, Des millions de personnes ont \u00e9t\u00e9 signal\u00e9es dans les pays suivants : Allemagne, France, Gr\u00e8ce, Italie, Chiraz et Ispahan. <a href=\"https:\/\/en.wikipedia.org\/wiki\/Mashhad\" data-type=\"link\" data-id=\"https:\/\/en.wikipedia.org\/wiki\/Mashhad\" target=\"_blank\" rel=\"noopener\">Mashhad<\/a>.<br>Leur slogan commun est le suivant : <strong>\u201cNous n'avons plus rien \u00e0 perdre.\u201d<\/strong><\/p>\n\n\n\n<p><em>Suivez les derni\u00e8res vid\u00e9os sur <a href=\"https:\/\/www.instagram.com\/vereinwelle\/reels\/\" data-type=\"link\" data-id=\"https:\/\/www.instagram.com\/vereinwelle\/reels\/\" target=\"_blank\" rel=\"noopener\">Instagram<\/a><\/em><\/p>\n\n\n\n<p>En tant que <a href=\"https:\/\/vereinwelle.ch\/fr\/soulevement-national-en-iran\/\" data-type=\"link\" data-id=\"https:\/\/vereinwelle.ch\/irans-nationwide-uprising\/\">soul\u00e8vement<\/a> entre dans une phase critique et de plus en plus violente, les cons\u00e9quences de la r\u00e9pression deviennent d\u00e9vastatrices. Jusqu'\u00e0 pr\u00e9sent, plus de <strong>12 000 manifestants ont \u00e9t\u00e9 tu\u00e9s<\/strong>, Plus de 300 000 personnes ont \u00e9t\u00e9 bless\u00e9es, plus de 6 000 sont aveugles ou dans une situation oculaire critique et plus de 5 000 ont \u00e9t\u00e9 bless\u00e9es. <strong>d\u00e9tenu arbitrairement <\/strong> par les forces de s\u00e9curit\u00e9 et risquent fort d'\u00eatre ex\u00e9cut\u00e9s. Ils ont besoin de notre aide maintenant !<\/p>\n\n\n\n<figure class=\"wp-block-image size-large\"><img fetchpriority=\"high\" decoding=\"async\" width=\"1024\" height=\"576\" src=\"https:\/\/vereinwelle.ch\/wp-content\/uploads\/2026\/01\/\u0633\u0631\u06cc-\u0639\u06a9\u0633-\u0647\u0627\u06cc-\u0633\u0627\u06cc\u062a-2-1-1024x576.jpg\" alt=\"\" class=\"wp-image-32039\" srcset=\"https:\/\/vereinwelle.ch\/wp-content\/uploads\/2026\/01\/\u0633\u0631\u06cc-\u0639\u06a9\u0633-\u0647\u0627\u06cc-\u0633\u0627\u06cc\u062a-2-1-1024x576.jpg 1024w, https:\/\/vereinwelle.ch\/wp-content\/uploads\/2026\/01\/\u0633\u0631\u06cc-\u0639\u06a9\u0633-\u0647\u0627\u06cc-\u0633\u0627\u06cc\u062a-2-1-300x169.jpg 300w, https:\/\/vereinwelle.ch\/wp-content\/uploads\/2026\/01\/\u0633\u0631\u06cc-\u0639\u06a9\u0633-\u0647\u0627\u06cc-\u0633\u0627\u06cc\u062a-2-1-768x432.jpg 768w, https:\/\/vereinwelle.ch\/wp-content\/uploads\/2026\/01\/\u0633\u0631\u06cc-\u0639\u06a9\u0633-\u0647\u0627\u06cc-\u0633\u0627\u06cc\u062a-2-1-1536x864.jpg 1536w, https:\/\/vereinwelle.ch\/wp-content\/uploads\/2026\/01\/\u0633\u0631\u06cc-\u0639\u06a9\u0633-\u0647\u0627\u06cc-\u0633\u0627\u06cc\u062a-2-1-2048x1152.jpg 2048w, https:\/\/vereinwelle.ch\/wp-content\/uploads\/2026\/01\/\u0633\u0631\u06cc-\u0639\u06a9\u0633-\u0647\u0627\u06cc-\u0633\u0627\u06cc\u062a-2-1-18x10.jpg 18w\" sizes=\"(max-width: 1024px) 100vw, 1024px\" \/><\/figure>\n\n\n\n<p>Au-del\u00e0 des d\u00e9c\u00e8s visibles, un <strong>un danger encore plus grand et plus silencieux<\/strong> menace la vie des manifestants bless\u00e9s, en particulier ceux qui ont \u00e9t\u00e9 abattus par les forces de l'ordre.<strong> balles r\u00e9elles<\/strong>-qui pr\u00e9sentent d\u00e9sormais un risque \u00e9lev\u00e9 de <strong>infection grave, invalidit\u00e9 permanente ou d\u00e9c\u00e8s<\/strong> en raison de leur incapacit\u00e9 \u00e0 se faire soigner. La crainte d'\u00eatre arr\u00eat\u00e9s, la surveillance des h\u00f4pitaux et l'intimidation du personnel m\u00e9dical ont contraint de nombreuses personnes bless\u00e9es \u00e0 se cacher, o\u00f9 m\u00eame des blessures mineures non trait\u00e9es peuvent devenir mortelles.<\/p>\n\n\n\n<p>En m\u00eame temps, <strong>Les manifestants d\u00e9tenus courent un risque imminent d'\u00eatre victimes de torture, de disparition forc\u00e9e, d'accusations forg\u00e9es de toutes pi\u00e8ces et d'ex\u00e9cutions extrajudiciaires.<\/strong>, Les autorit\u00e9s iraniennes ont \u00e9galement pris des mesures de r\u00e9pression \u00e0 l'encontre de la police, conform\u00e9ment aux mod\u00e8les bien document\u00e9s des pr\u00e9c\u00e9dentes mesures de r\u00e9pression en Iran. Les <strong><a href=\"https:\/\/mastodon.social\/@netblocks\/115863272994538971\" data-type=\"link\" data-id=\"https:\/\/mastodon.social\/@netblocks\/115863272994538971\" target=\"_blank\" rel=\"noopener\">fermeture d'internet<\/a><\/strong> le 8 janvier, a rendu la situation plus urgente et a augment\u00e9 la menace de tirs directs.<\/p>\n\n\n\n<blockquote class=\"wp-block-quote instagram-media is-layout-flow wp-block-quote-is-layout-flow\">\n<p><a href=\"https:\/\/vereinwelle.ch\/wp-content\/uploads\/2026\/01\/eWelle-Proteste-Bulletin.pdf\" data-type=\"link\" data-id=\"https:\/\/vereinwelle.ch\/wp-content\/uploads\/2026\/01\/eWelle-Proteste-Bulletin.pdf\">T\u00e9l\u00e9charger le PDF<\/a> \u00e0 lire <\/p>\n<\/blockquote>\n\n\n\n<h3 class=\"wp-block-heading\"><strong>L'ampleur de l'urgence<\/strong><\/h3>\n\n\n\n<ul class=\"wp-block-list\">\n<li><strong>Munitions r\u00e9elles et tir direct<\/strong> ont \u00e9t\u00e9 utilis\u00e9s contre des civils dans plusieurs villes.<\/li>\n\n\n\n<li><strong>Des centaines d'arrestations<\/strong> ont \u00e9t\u00e9 men\u00e9es sans mandat ni proc\u00e9dure r\u00e9guli\u00e8re.<\/li>\n\n\n\n<li><strong>Manifestants bless\u00e9s<\/strong>, y compris ceux qui ont \u00e9t\u00e9 bless\u00e9s par balle, \u00e9vitent les h\u00f4pitaux par crainte d'\u00eatre d\u00e9tenus.<\/li>\n\n\n\n<li><strong>L'acc\u00e8s aux soins m\u00e9dicaux est syst\u00e9matiquement refus\u00e9.<\/strong>, ce qui entra\u00eene un risque \u00e9lev\u00e9 d'infection, de septic\u00e9mie et de l\u00e9sions \u00e0 long terme.<\/li>\n\n\n\n<li><strong>Les familles sont maintenues dans l'ignorance<\/strong>, souvent sans recevoir aucune information sur le lieu o\u00f9 se trouvent leurs proches d\u00e9tenus ni sur leur \u00e9tat.<\/li>\n<\/ul>\n\n\n\n<p>Il ne s'agit pas d'un ph\u00e9nom\u00e8ne isol\u00e9, mais d'un \u00e9l\u00e9ment d'un <strong>strat\u00e9gie coordonn\u00e9e de r\u00e9pression<\/strong> con\u00e7u pour briser la r\u00e9sistance du public en semant la peur et en r\u00e9duisant les victimes au silence.<\/p>\n\n\n\n<figure class=\"wp-block-image size-large\"><img decoding=\"async\" width=\"1024\" height=\"576\" src=\"https:\/\/vereinwelle.ch\/wp-content\/uploads\/2026\/01\/\u0633\u0631\u06cc-\u0639\u06a9\u0633-\u0647\u0627\u06cc-\u0633\u0627\u06cc\u062a-1024x576.jpg\" alt=\"Kahrizak Iran protesta\" class=\"wp-image-32086\" srcset=\"\" sizes=\"(max-width: 1024px) 100vw, 1024px\" data-srcset=\"\" \/><\/figure>\n\n\n\n<h3 class=\"wp-block-heading\"><strong>Pourquoi une action internationale imm\u00e9diate est cruciale<\/strong><\/h3>\n\n\n\n<p>Exp\u00e9rience tir\u00e9e des soul\u00e8vements pass\u00e9s, notamment <a href=\"https:\/\/vereinwelle.ch\/fr\/projets\/defendre-les-droits-des-femmes-en-iran\/\" data-type=\"link\" data-id=\"https:\/\/vereinwelle.ch\/projects\/advocating-for-women-rights-in-iran\/\">2019<\/a> et <a href=\"https:\/\/vereinwelle.ch\/fr\/projets\/defendre-les-droits-des-femmes-en-iran\/\" data-type=\"link\" data-id=\"https:\/\/vereinwelle.ch\/projects\/advocating-for-women-rights-in-iran\/\">2022<\/a>\u2014montre que les violations les plus graves des droits humains se produisent souvent <strong>apr\u00e8s les arrestations<\/strong>, dans les centres de d\u00e9tention et lors d'interrogatoires secrets. Sans une attention internationale rapide, les d\u00e9tenus pourraient \u00eatre soumis \u00e0 :<\/p>\n\n\n\n<ul class=\"wp-block-list\">\n<li>Torture et aveux forc\u00e9s<\/li>\n\n\n\n<li>Refus de repr\u00e9sentation juridique<\/li>\n\n\n\n<li>Proc\u00e8s \u00e0 huis clos et in\u00e9quitables<\/li>\n\n\n\n<li>D\u00e9c\u00e8s en d\u00e9tention pr\u00e9sent\u00e9s comme \u201c causes naturelles \u201d<\/li>\n<\/ul>\n\n\n\n<p>De m\u00eame, les manifestants bless\u00e9s qui n'ont pas acc\u00e8s \u00e0 des soins m\u00e9dicaux sont confront\u00e9s \u00e0 <strong>d\u00e9c\u00e8s \u00e9vitables<\/strong> en raison d'infections et de blessures non trait\u00e9es.<\/p>\n\n\n\n<p>Le temps est un facteur crucial. <strong>Chaque jour de silence augmente le risque de dommages irr\u00e9versibles.<\/strong>.<\/p>\n\n\n\n<h3 class=\"wp-block-heading\"><strong>Notre objectif<\/strong><\/h3>\n\n\n\n<p><strong>Welle <\/strong> a lanc\u00e9 ce projet d'urgence afin de :<\/p>\n\n\n\n<ol class=\"wp-block-list\">\n<li><strong>Documenter et v\u00e9rifier les cas de d\u00e9tention, de blessures et de d\u00e9c\u00e8s<\/strong> li\u00e9es au soul\u00e8vement.<\/li>\n\n\n\n<li><strong>D\u00e9noncer les conditions de d\u00e9tention des prisonniers<\/strong> par le biais des voies juridiques et de plaidoyer internationales.<\/li>\n\n\n\n<li><strong>Soutenir les familles des d\u00e9tenus et des victimes<\/strong> par le biais d'une campagne juridique internationale et de voies humanitaires.<\/li>\n\n\n\n<li><strong>Mobiliser les m\u00e9canismes internationaux<\/strong> pour faire pression sur les autorit\u00e9s iraniennes et emp\u00eacher de nouvelles atrocit\u00e9s.<\/li>\n<\/ol>\n\n\n\n<h3 class=\"wp-block-heading\"><strong>Syst\u00e8me de communication et d'information<\/strong><\/h3>\n\n\n\n<p>Pour surmonter la censure, la peur et l'isolement, nous exploitons un <strong>syst\u00e8me de communication et d'information s\u00e9curis\u00e9<\/strong> qui permet :<\/p>\n\n\n\n<ul class=\"wp-block-list\">\n<li>Les familles et les t\u00e9moins de <strong>soumettre des informations en toute s\u00e9curit\u00e9<\/strong> au sujet des arrestations et des blessures<\/li>\n\n\n\n<li>V\u00e9rification et documentation des cas pour <strong>organismes internationaux de d\u00e9fense des droits de l'homme<\/strong><\/li>\n\n\n\n<li>Diffusion rapide des alertes urgentes \u00e0 <strong>M\u00e9canismes des Nations Unies, ONG, m\u00e9dias et r\u00e9seaux juridiques<\/strong><\/li>\n\n\n\n<li>Coordination de <strong>aide humanitaire et juridique transfrontali\u00e8re<\/strong><\/li>\n<\/ul>\n\n\n\n<p>Ce syst\u00e8me joue un r\u00f4le essentiel dans <strong>rompre le silence impos\u00e9<\/strong> et permettre des interventions vitales.<\/p>\n\n\n\n<h3 class=\"wp-block-heading\"><strong>Appel \u00e0 l'aide internationale<\/strong><\/h3>\n\n\n\n<p>Nous appelons de toute urgence :<\/p>\n\n\n\n<ul class=\"wp-block-list\">\n<li><strong>Organisations de d\u00e9fense des droits de l'homme<\/strong><\/li>\n\n\n\n<li><strong>Experts juridiques internationaux et r\u00e9seaux<\/strong><\/li>\n\n\n\n<li><strong>Acteurs m\u00e9dicaux et humanitaires<\/strong><\/li>\n\n\n\n<li><strong>Fondations et donateurs institutionnels<\/strong><\/li>\n\n\n\n<li><strong>Gouvernements et m\u00e9canismes des Nations Unies<\/strong><\/li>\n<\/ul>\n\n\n\n<p>pour faire pression sur le r\u00e9gime iranien avec <strong>plaidoyer, action en justice et coop\u00e9ration en mati\u00e8re d'intervention d'urgence<\/strong>.<\/p>\n\n\n\n<figure class=\"wp-block-image size-large\"><img decoding=\"async\" width=\"1024\" height=\"576\" src=\"https:\/\/vereinwelle.ch\/wp-content\/uploads\/2026\/01\/\u0633\u0631\u06cc-\u0639\u06a9\u0633-\u0647\u0627\u06cc-\u0633\u0627\u06cc\u062a-5-1024x576.jpg\" alt=\"R\u00e9volte en Iran 2026\" class=\"wp-image-32051\" srcset=\"\" sizes=\"(max-width: 1024px) 100vw, 1024px\" data-srcset=\"\" \/><figcaption class=\"wp-element-caption\">R\u00e9volte en Iran 2026<\/figcaption><\/figure>\n\n\n\n<p><strong>Aidez-nous \u00e0 r\u00e9aliser ce projet :<\/strong><\/p>\n\n\n\n<p>Votre soutien contribuera directement \u00e0 :<\/p>\n\n\n\n<ul class=\"wp-block-list\">\n<li>Sauver des vies<\/li>\n\n\n\n<li>Pr\u00e9venir la torture et les ex\u00e9cutions<\/li>\n\n\n\n<li>Assurer la documentation pour la responsabilit\u00e9 future<\/li>\n\n\n\n<li>Prot\u00e9ger ceux dont le seul \u201c crime \u201d \u00e9tait d'exiger dignit\u00e9 et libert\u00e9<\/li>\n<\/ul>\n\n\n\n<blockquote class=\"instagram-media\" data-instgrm-captioned data-instgrm-permalink=\"https:\/\/www.instagram.com\/reel\/DTOMIFrjQa2\/?utm_source=ig_embed&amp;utm_campaign=loading\" data-instgrm-version=\"14\" style=\" background:#FFF; border:0; border-radius:3px; box-shadow:0 0 1px 0 rgba(0,0,0,0.5),0 1px 10px 0 rgba(0,0,0,0.15); margin: 1px; max-width:540px; min-width:326px; padding:0; width:99.375%; width:-webkit-calc(100% - 2px); width:calc(100% - 2px);\"><div style=\"padding:16px;\"> <a href=\"https:\/\/www.instagram.com\/reel\/DTOMIFrjQa2\/?utm_source=ig_embed&amp;utm_campaign=loading\" style=\" background:#FFFFFF; line-height:0; padding:0 0; text-align:center; text-decoration:none; width:100%;\" target=\"_blank\" rel=\"noopener\"> <div style=\" display: flex; flex-direction: row; align-items: center;\"> <div style=\"background-color: #F4F4F4; border-radius: 50%; flex-grow: 0; height: 40px; margin-right: 14px; width: 40px;\"><\/div> <div style=\"display: flex; flex-direction: column; flex-grow: 1; justify-content: center;\"> <div style=\" background-color: #F4F4F4; border-radius: 4px; flex-grow: 0; height: 14px; margin-bottom: 6px; width: 100px;\"><\/div> <div style=\" background-color: #F4F4F4; border-radius: 4px; flex-grow: 0; height: 14px; width: 60px;\"><\/div><\/div><\/div><div style=\"padding: 19% 0;\"><\/div> <div style=\"display:block; height:50px; margin:0 auto 12px; width:50px;\"><svg width=\"50px\" height=\"50px\" viewbox=\"0 0 60 60\" version=\"1.1\" xmlns=\"https:\/\/www.w3.org\/2000\/svg\" xmlns:xlink=\"https:\/\/www.w3.org\/1999\/xlink\"><g stroke=\"none\" stroke-width=\"1\" fill=\"none\" fill-rule=\"evenodd\"><g transform=\"translate(-511.000000, -20.000000)\" fill=\"#000000\"><g><path d=\"M556.869,30.41 C554.814,30.41 553.148,32.076 553.148,34.131 C553.148,36.186 554.814,37.852 556.869,37.852 C558.924,37.852 560.59,36.186 560.59,34.131 C560.59,32.076 558.924,30.41 556.869,30.41 M541,60.657 C535.114,60.657 530.342,55.887 530.342,50 C530.342,44.114 535.114,39.342 541,39.342 C546.887,39.342 551.658,44.114 551.658,50 C551.658,55.887 546.887,60.657 541,60.657 M541,33.886 C532.1,33.886 524.886,41.1 524.886,50 C524.886,58.899 532.1,66.113 541,66.113 C549.9,66.113 557.115,58.899 557.115,50 C557.115,41.1 549.9,33.886 541,33.886 M565.378,62.101 C565.244,65.022 564.756,66.606 564.346,67.663 C563.803,69.06 563.154,70.057 562.106,71.106 C561.058,72.155 560.06,72.803 558.662,73.347 C557.607,73.757 556.021,74.244 553.102,74.378 C549.944,74.521 548.997,74.552 541,74.552 C533.003,74.552 532.056,74.521 528.898,74.378 C525.979,74.244 524.393,73.757 523.338,73.347 C521.94,72.803 520.942,72.155 519.894,71.106 C518.846,70.057 518.197,69.06 517.654,67.663 C517.244,66.606 516.755,65.022 516.623,62.101 C516.479,58.943 516.448,57.996 516.448,50 C516.448,42.003 516.479,41.056 516.623,37.899 C516.755,34.978 517.244,33.391 517.654,32.338 C518.197,30.938 518.846,29.942 519.894,28.894 C520.942,27.846 521.94,27.196 523.338,26.654 C524.393,26.244 525.979,25.756 528.898,25.623 C532.057,25.479 533.004,25.448 541,25.448 C548.997,25.448 549.943,25.479 553.102,25.623 C556.021,25.756 557.607,26.244 558.662,26.654 C560.06,27.196 561.058,27.846 562.106,28.894 C563.154,29.942 563.803,30.938 564.346,32.338 C564.756,33.391 565.244,34.978 565.378,37.899 C565.522,41.056 565.552,42.003 565.552,50 C565.552,57.996 565.522,58.943 565.378,62.101 M570.82,37.631 C570.674,34.438 570.167,32.258 569.425,30.349 C568.659,28.377 567.633,26.702 565.965,25.035 C564.297,23.368 562.623,22.342 560.652,21.575 C558.743,20.834 556.562,20.326 553.369,20.18 C550.169,20.033 549.148,20 541,20 C532.853,20 531.831,20.033 528.631,20.18 C525.438,20.326 523.257,20.834 521.349,21.575 C519.376,22.342 517.703,23.368 516.035,25.035 C514.368,26.702 513.342,28.377 512.574,30.349 C511.834,32.258 511.326,34.438 511.181,37.631 C511.035,40.831 511,41.851 511,50 C511,58.147 511.035,59.17 511.181,62.369 C511.326,65.562 511.834,67.743 512.574,69.651 C513.342,71.625 514.368,73.296 516.035,74.965 C517.703,76.634 519.376,77.658 521.349,78.425 C523.257,79.167 525.438,79.673 528.631,79.82 C531.831,79.965 532.853,80.001 541,80.001 C549.148,80.001 550.169,79.965 553.369,79.82 C556.562,79.673 558.743,79.167 560.652,78.425 C562.623,77.658 564.297,76.634 565.965,74.965 C567.633,73.296 568.659,71.625 569.425,69.651 C570.167,67.743 570.674,65.562 570.82,62.369 C570.966,59.17 571,58.147 571,50 C571,41.851 570.966,40.831 570.82,37.631\"><\/path><\/g><\/g><\/g><\/svg><\/div><div style=\"padding-top: 8px;\"> <div style=\" color:#3897f0; font-family:Arial,sans-serif; font-size:14px; font-style:normal; font-weight:550; line-height:18px;\">Voir ce message sur Instagram<\/div><\/div><div style=\"padding: 12.5% 0;\"><\/div> <div style=\"display: flex; flex-direction: row; margin-bottom: 14px; align-items: center;\"><div> <div style=\"background-color: #F4F4F4; border-radius: 50%; height: 12.5px; width: 12.5px; transform: translateX(0px) translateY(7px);\"><\/div> <div style=\"background-color: #F4F4F4; height: 12.5px; transform: rotate(-45deg) translateX(3px) translateY(1px); width: 12.5px; flex-grow: 0; margin-right: 14px; margin-left: 2px;\"><\/div> <div style=\"background-color: #F4F4F4; border-radius: 50%; height: 12.5px; width: 12.5px; transform: translateX(9px) translateY(-18px);\"><\/div><\/div><div style=\"margin-left: 8px;\"> <div style=\" background-color: #F4F4F4; border-radius: 50%; flex-grow: 0; height: 20px; width: 20px;\"><\/div> <div style=\" width: 0; height: 0; border-top: 2px solid transparent; border-left: 6px solid #f4f4f4; border-bottom: 2px solid transparent; transform: translateX(16px) translateY(-4px) rotate(30deg)\"><\/div><\/div><div style=\"margin-left: auto;\"> <div style=\" width: 0px; border-top: 8px solid #F4F4F4; border-right: 8px solid transparent; transform: translateY(16px);\"><\/div> <div style=\" background-color: #F4F4F4; flex-grow: 0; height: 12px; width: 16px; transform: translateY(-4px);\"><\/div> <div style=\" width: 0; height: 0; border-top: 8px solid #F4F4F4; border-left: 8px solid transparent; transform: translateY(-4px) translateX(8px);\"><\/div><\/div><\/div> <div style=\"display: flex; flex-direction: column; flex-grow: 1; justify-content: center; margin-bottom: 24px;\"> <div style=\" background-color: #F4F4F4; border-radius: 4px; flex-grow: 0; height: 14px; margin-bottom: 6px; width: 224px;\"><\/div> <div style=\" background-color: #F4F4F4; border-radius: 4px; flex-grow: 0; height: 14px; width: 144px;\"><\/div><\/div><\/a><p style=\" color:#c9c8cd; font-family:Arial,sans-serif; font-size:14px; line-height:17px; margin-bottom:0; margin-top:8px; overflow:hidden; padding:8px 0 7px; text-align:center; text-overflow:ellipsis; white-space:nowrap;\"><a href=\"https:\/\/www.instagram.com\/reel\/DTOMIFrjQa2\/?utm_source=ig_embed&amp;utm_campaign=loading\" style=\" color:#c9c8cd; font-family:Arial,sans-serif; font-size:14px; font-style:normal; font-weight:normal; line-height:17px; text-decoration:none;\" target=\"_blank\" rel=\"noopener\">A post shared by Verein Welle (@vereinwelle)<\/a><\/p><\/div><\/blockquote>\n<script async src=\"\/\/www.instagram.com\/embed.js\"><\/script>\n\n\n\n<details class=\"wp-block-details is-layout-flow wp-block-details-is-layout-flow\"><summary>En savoir plus sur la fermeture d'internet<\/summary>\n<p><\/p>\n<\/details>\n\n\n\n<blockquote class=\"mastodon-embed\" data-embed-url=\"https:\/\/mastodon.social\/@netblocks\/115863272994538971\/embed\" style=\"background: #FCF8FF; border-radius: 8px; border: 1px solid #C9C4DA; margin: 0; max-width: 540px; min-width: 270px; overflow: hidden; padding: 0;\"> <a href=\"https:\/\/mastodon.social\/@netblocks\/115863272994538971\" target=\"_blank\" style=\"align-items: center; color: #1C1A25; display: flex; flex-direction: column; font-family: system-ui, -apple-system, BlinkMacSystemFont, &#039;Segoe UI&#039;, Oxygen, Ubuntu, Cantarell, &#039;Fira Sans&#039;, &#039;Droid Sans&#039;, &#039;Helvetica Neue&#039;, Roboto, sans-serif; font-size: 14px; justify-content: center; letter-spacing: 0.25px; line-height: 20px; padding: 24px; text-decoration: none;\" rel=\"noopener\"> <svg xmlns=\"http:\/\/www.w3.org\/2000\/svg\" xmlns:xlink=\"http:\/\/www.w3.org\/1999\/xlink\" width=\"32\" height=\"32\" viewbox=\"0 0 79 75\"><path d=\"M63 45.3v-20c0-4.1-1-7.3-3.2-9.7-2.1-2.4-5-3.7-8.5-3.7-4.1 0-7.2 1.6-9.3 4.7l-2 3.3-2-3.3c-2-3.1-5.1-4.7-9.2-4.7-3.5 0-6.4 1.3-8.6 3.7-2.1 2.4-3.1 5.6-3.1 9.7v20h8V25.9c0-4.1 1.7-6.2 5.2-6.2 3.8 0 5.8 2.5 5.8 7.4V37.7H44V27.1c0-4.9 1.9-7.4 5.8-7.4 3.5 0 5.2 2.1 5.2 6.2V45.3h8ZM74.7 16.6c.6 6 .1 15.7.1 17.3 0 .5-.1 4.8-.1 5.3-.7 11.5-8 16-15.6 17.5-.1 0-.2 0-.3 0-4.9 1-10 1.2-14.9 1.4-1.2 0-2.4 0-3.6 0-4.8 0-9.7-.6-14.4-1.7-.1 0-.1 0-.1 0s-.1 0-.1 0 0 .1 0 .1 0 0 0 0c.1 1.6.4 3.1 1 4.5.6 1.7 2.9 5.7 11.4 5.7 5 0 9.9-.6 14.8-1.7 0 0 0 0 0 0 .1 0 .1 0 .1 0 0 .1 0 .1 0 .1.1 0 .1 0 .1.1v5.6s0 .1-.1.1c0 0 0 0 0 .1-1.6 1.1-3.7 1.7-5.6 2.3-.8.3-1.6.5-2.4.7-7.5 1.7-15.4 1.3-22.7-1.2-6.8-2.4-13.8-8.2-15.5-15.2-.9-3.8-1.6-7.6-1.9-11.5-.6-5.8-.6-11.7-.8-17.5C3.9 24.5 4 20 4.9 16 6.7 7.9 14.1 2.2 22.3 1c1.4-.2 4.1-1 16.5-1h.1C51.4 0 56.7.8 58.1 1c8.4 1.2 15.5 7.5 16.6 15.6Z\" fill=\"currentColor\"\/><\/svg> <div style=\"color: #787588; margin-top: 16px;\">Post\u00e9 par @netblocks@mastodon.social<\/div> <div style=\"font-weight: 500;\">Voir sur Mastodon<\/div> <\/a> <\/blockquote> <script data-allowed-prefixes=\"https:\/\/mastodon.social\/\" async src=\"https:\/\/mastodon.social\/embed.js\"><\/script>","protected":false},"excerpt":{"rendered":"<p>Protecting Detained Protesters and the Wounded Amid Iran\u2019s Nationwide Uprising The content will be updated Since December 28, the people of Iran have been protesting for their basic human rights and the basic necessities of daily life. What makes these protests special is the shift in demands from economic concerns to calls for an end [&hellip;]<\/p>\n","protected":false},"featured_media":32095,"template":"","project-category":[],"class_list":["post-32027","projects","type-projects","status-publish","has-post-thumbnail","hentry"],"_links":{"self":[{"href":"https:\/\/vereinwelle.ch\/fr\/wp-json\/wp\/v2\/projects\/32027","targetHints":{"allow":["GET"]}}],"collection":[{"href":"https:\/\/vereinwelle.ch\/fr\/wp-json\/wp\/v2\/projects"}],"about":[{"href":"https:\/\/vereinwelle.ch\/fr\/wp-json\/wp\/v2\/types\/projects"}],"wp:featuredmedia":[{"embeddable":true,"href":"https:\/\/vereinwelle.ch\/fr\/wp-json\/wp\/v2\/media\/32095"}],"wp:attachment":[{"href":"https:\/\/vereinwelle.ch\/fr\/wp-json\/wp\/v2\/media?parent=32027"}],"wp:term":[{"taxonomy":"project-category","embeddable":true,"href":"https:\/\/vereinwelle.ch\/fr\/wp-json\/wp\/v2\/project-category?post=32027"}],"curies":[{"name":"wp","href":"https:\/\/api.w.org\/{rel}","templated":true}]}}